{"id":231848,"date":"2023-04-04T17:48:33","date_gmt":"2023-04-04T21:48:33","guid":{"rendered":"https:\/\/mariamilagros.soy\/munai-ky\/"},"modified":"2023-04-05T15:02:14","modified_gmt":"2023-04-05T19:02:14","slug":"munai-ky","status":"publish","type":"page","link":"https:\/\/mariamilagros.soy\/en\/munai-ky\/","title":{"rendered":"Munay Ki"},"content":{"rendered":"<p>[et_pb_section fb_built=&#8221;1&#8243; disabled_on=&#8221;on|on|off&#8221; _builder_version=&#8221;4.18.0&#8243; _module_preset=&#8221;default&#8221; background_image=&#8221;https:\/\/mariamilagros.soy\/wp-content\/uploads\/2022\/09\/BG-munaiky.jpg&#8221; custom_padding=&#8221;164px||164px||true|&#8221; global_colors_info=&#8221;{}&#8221;][et_pb_row _builder_version=&#8221;4.18.0&#8243; _module_preset=&#8221;default&#8221; custom_padding=&#8221;0px||0px|||&#8221; global_colors_info=&#8221;{}&#8221;][et_pb_column type=&#8221;4_4&#8243; _builder_version=&#8221;4.18.0&#8243; _module_preset=&#8221;default&#8221; global_colors_info=&#8221;{}&#8221;][et_pb_image src=&#8221;https:\/\/mariamilagros.soy\/wp-content\/uploads\/2022\/09\/MUNAI-KY-texto.png&#8221; title_text=&#8221;MUNAI KY texto&#8221; align=&#8221;center&#8221; _builder_version=&#8221;4.18.0&#8243; _module_preset=&#8221;default&#8221; width=&#8221;52%&#8221; global_colors_info=&#8221;{}&#8221;][\/et_pb_image][\/et_pb_column][\/et_pb_row][et_pb_row column_structure=&#8221;1_2,1_2&#8243; _builder_version=&#8221;4.18.0&#8243; _module_preset=&#8221;default&#8221; custom_padding=&#8221;2px||0px|||&#8221; global_colors_info=&#8221;{}&#8221;][et_pb_column type=&#8221;1_2&#8243; _builder_version=&#8221;4.18.0&#8243; _module_preset=&#8221;default&#8221; global_colors_info=&#8221;{}&#8221;][\/et_pb_column][et_pb_column type=&#8221;1_2&#8243; _builder_version=&#8221;4.18.0&#8243; _module_preset=&#8221;default&#8221; global_colors_info=&#8221;{}&#8221;][et_pb_text _builder_version=&#8221;4.20.4&#8243; _module_preset=&#8221;default&#8221; text_font=&#8221;Butler||||||||&#8221; header_2_font=&#8221;Nazeefa||||||||&#8221; header_2_font_size=&#8221;34px&#8221; header_3_font=&#8221;Aguafina Script||||||||&#8221; header_3_font_size=&#8221;27px&#8221; custom_margin=&#8221;|||-92px||&#8221; custom_padding=&#8221;|||1px||&#8221; hover_enabled=&#8221;0&#8243; global_colors_info=&#8221;{}&#8221; sticky_enabled=&#8221;0&#8243;]<\/p>\n<h2 class=\"p1\" style=\"text-align: center;\"><span style=\"color: #ffffff;\">October <\/span><\/h2>\n<h3 class=\"p1\" style=\"text-align: center;\"><span style=\"color: #ffffff;\">2023<\/span><\/h3>\n<p>[\/et_pb_text][\/et_pb_column][\/et_pb_row][et_pb_row _builder_version=&#8221;4.18.0&#8243; _module_preset=&#8221;default&#8221; custom_padding=&#8221;0px||7px|||&#8221; global_colors_info=&#8221;{}&#8221;][et_pb_column type=&#8221;4_4&#8243; _builder_version=&#8221;4.18.0&#8243; _module_preset=&#8221;default&#8221; global_colors_info=&#8221;{}&#8221;][et_pb_text _builder_version=&#8221;4.18.0&#8243; _module_preset=&#8221;default&#8221; text_font=&#8221;Actor|300|||||||&#8221; text_text_color=&#8221;#ffffff&#8221; text_font_size=&#8221;23px&#8221; text_line_height=&#8221;1em&#8221; global_colors_info=&#8221;{}&#8221;]<\/p>\n<p class=\"p1\" style=\"text-align: center;\"><span class=\"s1\">ACTIVATION<\/span><\/p>\n<p class=\"p1\" style=\"text-align: center;\"><span class=\"s1\">GUARDIANS OF EARTH<\/span><\/p>\n<p>[\/et_pb_text][\/et_pb_column][\/et_pb_row][\/et_pb_section][et_pb_section fb_built=&#8221;1&#8243; disabled_on=&#8221;off|off|on&#8221; _builder_version=&#8221;4.18.0&#8243; _module_preset=&#8221;default&#8221; background_image=&#8221;https:\/\/mariamilagros.soy\/wp-content\/uploads\/2022\/09\/BG-munaiky.jpg&#8221; custom_padding=&#8221;127px||127px||true|&#8221; global_colors_info=&#8221;{}&#8221;][et_pb_row _builder_version=&#8221;4.18.0&#8243; _module_preset=&#8221;default&#8221; width=&#8221;93%&#8221; custom_padding=&#8221;0px||0px|||&#8221; global_colors_info=&#8221;{}&#8221;][et_pb_column type=&#8221;4_4&#8243; _builder_version=&#8221;4.18.0&#8243; _module_preset=&#8221;default&#8221; global_colors_info=&#8221;{}&#8221;][et_pb_image src=&#8221;https:\/\/mariamilagros.soy\/wp-content\/uploads\/2022\/09\/MUNAI-KY-texto.png&#8221; title_text=&#8221;MUNAI KY texto&#8221; _builder_version=&#8221;4.18.0&#8243; _module_preset=&#8221;default&#8221; width=&#8221;89%&#8221; module_alignment=&#8221;center&#8221; custom_margin=&#8221;||15px|||&#8221; global_colors_info=&#8221;{}&#8221;][\/et_pb_image][\/et_pb_column][\/et_pb_row][et_pb_row column_structure=&#8221;1_2,1_2&#8243; _builder_version=&#8221;4.18.0&#8243; _module_preset=&#8221;default&#8221; width=&#8221;90%&#8221; module_alignment=&#8221;center&#8221; custom_padding=&#8221;2px||0px|||&#8221; global_colors_info=&#8221;{}&#8221;][et_pb_column type=&#8221;1_2&#8243; _builder_version=&#8221;4.18.0&#8243; _module_preset=&#8221;default&#8221; global_colors_info=&#8221;{}&#8221;][\/et_pb_column][et_pb_column type=&#8221;1_2&#8243; _builder_version=&#8221;4.18.0&#8243; _module_preset=&#8221;default&#8221; global_colors_info=&#8221;{}&#8221;][et_pb_text _builder_version=&#8221;4.18.0&#8243; _module_preset=&#8221;default&#8221; text_font=&#8221;Flama Regular||||||||&#8221; text_text_color=&#8221;#ffffff&#8221; text_font_size=&#8221;26px&#8221; custom_margin=&#8221;||-17px|||&#8221; custom_padding=&#8221;|||72px||&#8221; global_colors_info=&#8221;{}&#8221;]<\/p>\n<p>14 y 15<\/p>\n<p>[\/et_pb_text][et_pb_text _builder_version=&#8221;4.18.0&#8243; _module_preset=&#8221;default&#8221; text_font=&#8221;Butler||||||||&#8221; header_2_font=&#8221;Nazeefa||||||||&#8221; header_2_font_size=&#8221;34px&#8221; header_3_font=&#8221;Aguafina Script||||||||&#8221; header_3_font_size=&#8221;27px&#8221; custom_margin=&#8221;|||-92px||&#8221; custom_padding=&#8221;|||1px||&#8221; global_colors_info=&#8221;{}&#8221;]<\/p>\n<h2 class=\"p1\" style=\"text-align: center;\"><span style=\"color: #ffffff;\">Enero <\/span><\/h2>\n<h3 class=\"p1\" style=\"text-align: center;\"><span style=\"color: #ffffff;\">2023<\/span><\/h3>\n<p>[\/et_pb_text][\/et_pb_column][\/et_pb_row][et_pb_row _builder_version=&#8221;4.18.0&#8243; _module_preset=&#8221;default&#8221; custom_padding=&#8221;0px||7px|||&#8221; global_colors_info=&#8221;{}&#8221;][et_pb_column type=&#8221;4_4&#8243; _builder_version=&#8221;4.18.0&#8243; _module_preset=&#8221;default&#8221; global_colors_info=&#8221;{}&#8221;][et_pb_text _builder_version=&#8221;4.18.0&#8243; _module_preset=&#8221;default&#8221; text_font=&#8221;Actor|300|||||||&#8221; text_text_color=&#8221;#ffffff&#8221; text_font_size=&#8221;23px&#8221; text_line_height=&#8221;1em&#8221; custom_padding=&#8221;25px|||||&#8221; global_colors_info=&#8221;{}&#8221;]<\/p>\n<p class=\"p1\" style=\"text-align: center;\"><span class=\"s1\">ACTIVATION<\/span><\/p>\n<p class=\"p1\" style=\"text-align: center;\"><span class=\"s1\">GUARDIANS OF EARTH<\/span><\/p>\n<p>[\/et_pb_text][\/et_pb_column][\/et_pb_row][\/et_pb_section][et_pb_section fb_built=&#8221;1&#8243; disabled_on=&#8221;on|on|off&#8221; _builder_version=&#8221;4.18.0&#8243; _module_preset=&#8221;default&#8221; use_background_color_gradient=&#8221;on&#8221; background_color_gradient_stops=&#8221;#1d6e93 0%|rgba(41,196,169,0.34) 100%&#8221; background_enable_image=&#8221;off&#8221; background_size=&#8221;contain&#8221; custom_padding=&#8221;17px||10px|||&#8221; global_colors_info=&#8221;{}&#8221;][et_pb_row column_structure=&#8221;1_2,1_2&#8243; _builder_version=&#8221;4.18.0&#8243; _module_preset=&#8221;default&#8221; width=&#8221;100%&#8221; custom_margin=&#8221;-9px|auto||auto||&#8221; custom_padding=&#8221;0px||2px|||&#8221; global_colors_info=&#8221;{}&#8221;][et_pb_column type=&#8221;1_2&#8243; _builder_version=&#8221;4.18.0&#8243; _module_preset=&#8221;default&#8221; global_colors_info=&#8221;{}&#8221;][et_pb_image src=&#8221;https:\/\/mariamilagros.soy\/wp-content\/uploads\/2022\/09\/pexels-marvz-etcoban-5038431.jpg&#8221; title_text=&#8221;pexels-marvz-etcoban-5038431&#8243; _builder_version=&#8221;4.18.0&#8243; _module_preset=&#8221;default&#8221; global_colors_info=&#8221;{}&#8221;][\/et_pb_image][\/et_pb_column][et_pb_column type=&#8221;1_2&#8243; _builder_version=&#8221;4.18.0&#8243; _module_preset=&#8221;default&#8221; global_colors_info=&#8221;{}&#8221;][et_pb_text _builder_version=&#8221;4.18.0&#8243; _module_preset=&#8221;default&#8221; text_font=&#8221;Flama Regular||||||||&#8221; text_line_height=&#8221;1.8em&#8221; custom_margin=&#8221;93px|||||&#8221; global_colors_info=&#8221;{}&#8221;]<\/p>\n<p class=\"p1\" style=\"text-align: center;\"><span style=\"color: #ffffff;\"><span class=\"s1\"><b>THE ENERGY OF LOVE<\/b><\/span><\/span><\/p>\n<p class=\"p1\" style=\"text-align: left;\"><span style=\"color: #ffffff;\"><span class=\"s1\">Un fin de semana en la naturaleza para recibir la iniciaci\u00f3n del Munay-Ki,<span class=\"Apple-converted-space\">\u00a0 <\/span>10 semillas de luz de los guardianes del conocimiento ancestral de los Andes y del Amazonas del Per\u00fa.<\/span><\/span><\/p>\n<p class=\"p1\" style=\"text-align: left;\"><span class=\"s1\"><span style=\"color: #ffffff;\">Los Munay-Ki son transmisiones energ\u00e9ticas que nos impulsan a sanar las heridas del pasado, incluidos los programas k\u00e1rmicos y gen\u00e9ticos, y las creencias limitantes que heredamos.<\/span><\/span><\/p>\n<p>[\/et_pb_text][\/et_pb_column][\/et_pb_row][\/et_pb_section][et_pb_section fb_built=&#8221;1&#8243; disabled_on=&#8221;off|off|on&#8221; _builder_version=&#8221;4.18.0&#8243; _module_preset=&#8221;default&#8221; use_background_color_gradient=&#8221;on&#8221; background_color_gradient_stops=&#8221;#1d6e93 0%|rgba(41,196,169,0.34) 100%&#8221; background_enable_image=&#8221;off&#8221; background_size=&#8221;contain&#8221; custom_padding=&#8221;17px||10px|||&#8221; global_colors_info=&#8221;{}&#8221;][et_pb_row column_structure=&#8221;1_2,1_2&#8243; _builder_version=&#8221;4.18.0&#8243; _module_preset=&#8221;default&#8221; width=&#8221;100%&#8221; custom_margin=&#8221;-9px|auto||auto||&#8221; custom_padding=&#8221;0px||2px|||&#8221; global_colors_info=&#8221;{}&#8221;][et_pb_column type=&#8221;1_2&#8243; _builder_version=&#8221;4.18.0&#8243; _module_preset=&#8221;default&#8221; global_colors_info=&#8221;{}&#8221;][et_pb_image src=&#8221;https:\/\/mariamilagros.soy\/wp-content\/uploads\/2022\/09\/pexels-marvz-etcoban-5038431.jpg&#8221; title_text=&#8221;pexels-marvz-etcoban-5038431&#8243; _builder_version=&#8221;4.18.0&#8243; _module_preset=&#8221;default&#8221; global_colors_info=&#8221;{}&#8221;][\/et_pb_image][\/et_pb_column][et_pb_column type=&#8221;1_2&#8243; _builder_version=&#8221;4.18.0&#8243; _module_preset=&#8221;default&#8221; global_colors_info=&#8221;{}&#8221;][et_pb_text _builder_version=&#8221;4.18.0&#8243; _module_preset=&#8221;default&#8221; text_font=&#8221;Flama Regular||||||||&#8221; text_font_size=&#8221;18px&#8221; text_line_height=&#8221;1.8em&#8221; custom_margin=&#8221;8px||-52px|||&#8221; custom_padding=&#8221;|39px|90px|39px||true&#8221; global_colors_info=&#8221;{}&#8221;]<\/p>\n<p class=\"p1\" style=\"text-align: center;\"><span style=\"color: #ffffff;\"><span class=\"s1\"><b>THE ENERGY OF LOVE<\/b><\/span><\/span><\/p>\n<p class=\"p1\" style=\"text-align: left;\"><span style=\"color: #ffffff;\"><span class=\"s1\">Un fin de semana en la naturaleza para recibir la iniciaci\u00f3n del Munay-Ki,<span class=\"Apple-converted-space\">\u00a0 <\/span>10 semillas de luz de los guardianes del conocimiento ancestral de los Andes y del Amazonas del Per\u00fa.<\/span><\/span><\/p>\n<p class=\"p1\" style=\"text-align: left;\"><span class=\"s1\"><span style=\"color: #ffffff;\">Los Munay-Ki son transmisiones energ\u00e9ticas que nos impulsan a sanar las heridas del pasado, incluidos los programas k\u00e1rmicos y gen\u00e9ticos, y las creencias limitantes que heredamos.<\/span><\/span><\/p>\n<p>[\/et_pb_text][\/et_pb_column][\/et_pb_row][\/et_pb_section][et_pb_section fb_built=&#8221;1&#8243; disabled_on=&#8221;on|on|off&#8221; _builder_version=&#8221;4.18.0&#8243; _module_preset=&#8221;default&#8221; custom_padding=&#8221;27px||19px|||&#8221; global_colors_info=&#8221;{}&#8221;][et_pb_row _builder_version=&#8221;4.18.0&#8243; _module_preset=&#8221;default&#8221; custom_padding=&#8221;||33px|||&#8221; global_colors_info=&#8221;{}&#8221;][et_pb_column type=&#8221;4_4&#8243; _builder_version=&#8221;4.18.0&#8243; _module_preset=&#8221;default&#8221; global_colors_info=&#8221;{}&#8221;][et_pb_text _builder_version=&#8221;4.18.0&#8243; _module_preset=&#8221;default&#8221; text_font=&#8221;Actor|300|||||||&#8221; text_text_color=&#8221;#0a0a0a&#8221; text_font_size=&#8221;42px&#8221; text_line_height=&#8221;1em&#8221; custom_margin=&#8221;||4px|||&#8221; global_colors_info=&#8221;{}&#8221;]<\/p>\n<p class=\"p1\" style=\"text-align: center;\">EL ORIGEN DE LOS<\/p>\n<p>[\/et_pb_text][et_pb_text _builder_version=&#8221;4.18.0&#8243; _module_preset=&#8221;default&#8221; text_font=&#8221;Nazeefa||||||||&#8221; text_font_size=&#8221;60px&#8221; header_2_font=&#8221;Nazeefa||||||||&#8221; header_2_font_size=&#8221;66px&#8221; custom_margin=&#8221;||-18px|||&#8221; custom_padding=&#8221;|||215px||&#8221; global_colors_info=&#8221;{}&#8221;]<\/p>\n<h2 style=\"text-align: center;\">\u00a0ritos<\/h2>\n<p>[\/et_pb_text][et_pb_text _builder_version=&#8221;4.18.0&#8243; _module_preset=&#8221;default&#8221; text_font=&#8221;Flama Regular|300|||||||&#8221; text_font_size=&#8221;17px&#8221; text_line_height=&#8221;1.8em&#8221; custom_padding=&#8221;51px|186px||186px||true&#8221; global_colors_info=&#8221;{}&#8221;]<\/p>\n<p class=\"p1\" style=\"text-align: center;\"><span class=\"s1\">Los Ritos del Munay-Ki se basan en pr\u00e1cticas de iniciaci\u00f3n de los chamanes de los Andes y el Amazonas y fueron tra\u00eddos a Occidente por el Dr. Alberto Villoldo, antrop\u00f3logo m\u00e9dico iniciado con los altos chamanes del Per\u00fa. Hoy junto a su esposa Marcela Lobos se dedican tambi\u00e9n a entregar estos ritos e iniciar las personas que sienten el llamado. <\/span><\/p>\n<p>[\/et_pb_text][\/et_pb_column][\/et_pb_row][\/et_pb_section][et_pb_section fb_built=&#8221;1&#8243; disabled_on=&#8221;off|off|on&#8221; _builder_version=&#8221;4.18.0&#8243; _module_preset=&#8221;default&#8221; custom_padding=&#8221;27px||19px|||&#8221; global_colors_info=&#8221;{}&#8221;][et_pb_row _builder_version=&#8221;4.18.0&#8243; _module_preset=&#8221;default&#8221; custom_padding=&#8221;||33px|0px||&#8221; global_colors_info=&#8221;{}&#8221;][et_pb_column type=&#8221;4_4&#8243; _builder_version=&#8221;4.18.0&#8243; _module_preset=&#8221;default&#8221; global_colors_info=&#8221;{}&#8221;][et_pb_text _builder_version=&#8221;4.18.0&#8243; _module_preset=&#8221;default&#8221; text_font=&#8221;Actor|300|||||||&#8221; text_text_color=&#8221;#0a0a0a&#8221; text_font_size=&#8221;42px&#8221; text_line_height=&#8221;1em&#8221; custom_margin=&#8221;||4px|||&#8221; custom_padding=&#8221;||0px|||&#8221; global_colors_info=&#8221;{}&#8221;]<\/p>\n<p class=\"p1\" style=\"text-align: center;\">EL ORIGEN DE LOS<\/p>\n<p>[\/et_pb_text][et_pb_text _builder_version=&#8221;4.18.0&#8243; _module_preset=&#8221;default&#8221; text_font=&#8221;Nazeefa||||||||&#8221; text_font_size=&#8221;60px&#8221; header_2_font=&#8221;Nazeefa||||||||&#8221; header_2_font_size=&#8221;66px&#8221; custom_margin=&#8221;-5px||-18px||false|false&#8221; custom_padding=&#8221;0px|||87px||&#8221; global_colors_info=&#8221;{}&#8221;]<\/p>\n<h2 style=\"text-align: center;\">\u00a0ritos<\/h2>\n<p>[\/et_pb_text][et_pb_text _builder_version=&#8221;4.18.0&#8243; _module_preset=&#8221;default&#8221; text_font=&#8221;Flama Regular|300|||||||&#8221; text_font_size=&#8221;17px&#8221; text_line_height=&#8221;1.8em&#8221; custom_padding=&#8221;51px|15px||15px||true&#8221; global_colors_info=&#8221;{}&#8221;]<\/p>\n<p class=\"p1\" style=\"text-align: center;\"><span class=\"s1\">Los Ritos del Munay-Ki se basan en pr\u00e1cticas de iniciaci\u00f3n de los chamanes de los Andes y el Amazonas y fueron tra\u00eddos a Occidente por el Dr. Alberto Villoldo, antrop\u00f3logo m\u00e9dico iniciado con los altos chamanes del Per\u00fa. Hoy junto a su esposa Marcela Lobos se dedican tambi\u00e9n a entregar estos ritos e iniciar las personas que sienten el llamado. <\/span><\/p>\n<p>[\/et_pb_text][\/et_pb_column][\/et_pb_row][\/et_pb_section][et_pb_section fb_built=&#8221;1&#8243; _builder_version=&#8221;4.18.0&#8243; _module_preset=&#8221;default&#8221; custom_padding=&#8221;17px|||||&#8221; global_colors_info=&#8221;{}&#8221;][et_pb_row column_structure=&#8221;1_5,1_5,1_5,1_5,1_5&#8243; _builder_version=&#8221;4.18.0&#8243; _module_preset=&#8221;default&#8221; custom_padding=&#8221;||4px|||&#8221; global_colors_info=&#8221;{}&#8221;][et_pb_column type=&#8221;1_5&#8243; _builder_version=&#8221;4.18.0&#8243; _module_preset=&#8221;default&#8221; global_colors_info=&#8221;{}&#8221;][et_pb_text _builder_version=&#8221;4.18.0&#8243; _module_preset=&#8221;default&#8221; header_font=&#8221;Flama Bold Italica||||||||&#8221; custom_margin=&#8221;||-9px||false|false&#8221; custom_padding=&#8221;||||false|false&#8221; global_colors_info=&#8221;{}&#8221;]<\/p>\n<h1 class=\"p1\"><b>Rito 1<\/b><\/h1>\n<p>[\/et_pb_text][et_pb_text _builder_version=&#8221;4.18.0&#8243; _module_preset=&#8221;default&#8221; custom_margin=&#8221;||3px|||&#8221; global_colors_info=&#8221;{}&#8221;]<\/p>\n<p class=\"p1\"><b>El Sanador\/a<\/b><\/p>\n<p>[\/et_pb_text][et_pb_text _builder_version=&#8221;4.18.0&#8243; _module_preset=&#8221;default&#8221; text_font=&#8221;Flama Regular||||||||&#8221; text_font_size=&#8221;14px&#8221; text_line_height=&#8221;1.4em&#8221; global_colors_info=&#8221;{}&#8221;]<\/p>\n<p class=\"p1\"><span class=\"s1\">Nos conecta con un antiguo linaje de curanderas y curanderos que nos animan hacia nuestra alquimia personal. Para ser un sanador de otros, debemos saber por experiencia propia c\u00f3mo transformar nuestras heridas en fuentes de sabidur\u00eda y compasi\u00f3n. Este linaje nos acompa\u00f1a en nuestro camino hacia la armon\u00eda y el bienestar.<\/span><\/p>\n<p>[\/et_pb_text][\/et_pb_column][et_pb_column type=&#8221;1_5&#8243; _builder_version=&#8221;4.18.0&#8243; _module_preset=&#8221;default&#8221; global_colors_info=&#8221;{}&#8221;][et_pb_text _builder_version=&#8221;4.18.0&#8243; _module_preset=&#8221;default&#8221; header_font=&#8221;Flama Bold Italica||||||||&#8221; custom_margin=&#8221;||-9px||false|false&#8221; custom_padding=&#8221;||||false|false&#8221; global_colors_info=&#8221;{}&#8221;]<\/p>\n<h1 class=\"p1\"><b>Rito 2<\/b><\/h1>\n<p>[\/et_pb_text][et_pb_text _builder_version=&#8221;4.18.0&#8243; _module_preset=&#8221;default&#8221; custom_margin=&#8221;||3px|||&#8221; global_colors_info=&#8221;{}&#8221;]<\/p>\n<p class=\"p1\"><b>Bandas de Poder<\/b><\/p>\n<p>[\/et_pb_text][et_pb_text _builder_version=&#8221;4.18.0&#8243; _module_preset=&#8221;default&#8221; text_font=&#8221;Flama Regular||||||||&#8221; text_font_size=&#8221;14px&#8221; text_line_height=&#8221;1.4em&#8221; global_colors_info=&#8221;{}&#8221;]<\/p>\n<p class=\"p1\"><span class=\"s1\">Se trata de cinco cinturones energ\u00e9ticos tejidos alrededor del cuerpo con la esencia de cada elemento: tierra, agua, fuego, aire y luz pura. Estas bandas fortalecen nuestra conexi\u00f3n con la naturaleza y act\u00faan como filtros desintegrando las energ\u00edas negativas y pesadas, protegi\u00e9ndonos as\u00ed f\u00edsica y ps\u00edquicamente.<\/span><\/p>\n<p>[\/et_pb_text][\/et_pb_column][et_pb_column type=&#8221;1_5&#8243; _builder_version=&#8221;4.18.0&#8243; _module_preset=&#8221;default&#8221; global_colors_info=&#8221;{}&#8221;][et_pb_text _builder_version=&#8221;4.18.0&#8243; _module_preset=&#8221;default&#8221; header_font=&#8221;Flama Bold Italica||||||||&#8221; custom_margin=&#8221;||-9px||false|false&#8221; custom_padding=&#8221;||||false|false&#8221; global_colors_info=&#8221;{}&#8221;]<\/p>\n<h1 class=\"p1\"><b>Rito 3<\/b><\/h1>\n<p>[\/et_pb_text][et_pb_text _builder_version=&#8221;4.18.0&#8243; _module_preset=&#8221;default&#8221; custom_margin=&#8221;||3px|||&#8221; global_colors_info=&#8221;{}&#8221;]<\/p>\n<p class=\"p1\"><b>Rito de la Armon\u00eda<\/b><\/p>\n<p>[\/et_pb_text][et_pb_text _builder_version=&#8221;4.18.0&#8243; _module_preset=&#8221;default&#8221; text_font=&#8221;Flama Regular||||||||&#8221; text_font_size=&#8221;14px&#8221; text_line_height=&#8221;1.4em&#8221; global_colors_info=&#8221;{}&#8221;]<\/p>\n<p class=\"p1\"><span class=\"s1\">Nos conecta con esp\u00edritus animales (serpiente, jaguar, colibr\u00ed, \u00e1guila y c\u00f3ndor) que restablecen nuestros instintos para que podamos mantener la integridad f\u00edsica y emocional. Por ejemplo, nos advierten sobre las relaciones correctas con las personas, en los momentos y lugares correctos. Adem\u00e1s, nos conecta con los Guardianes de los tres mundos m\u00edticos: superior, medio e inferior. Estos guardianes gu\u00edan nuestra evoluci\u00f3n, inst\u00e1ndonos a sanar nuestro pasado y gui\u00e1ndonos hacia un futuro saludable y auspicioso.<\/span><\/p>\n<p>[\/et_pb_text][\/et_pb_column][et_pb_column type=&#8221;1_5&#8243; _builder_version=&#8221;4.18.0&#8243; _module_preset=&#8221;default&#8221; global_colors_info=&#8221;{}&#8221;][et_pb_text _builder_version=&#8221;4.18.0&#8243; _module_preset=&#8221;default&#8221; header_font=&#8221;Flama Bold Italica||||||||&#8221; custom_margin=&#8221;||-9px||false|false&#8221; custom_padding=&#8221;||||false|false&#8221; global_colors_info=&#8221;{}&#8221;]<\/p>\n<h1 class=\"p1\"><b>Rito 4<\/b><\/h1>\n<p>&nbsp;<br \/>\n[\/et_pb_text][et_pb_text _builder_version=&#8221;4.18.0&#8243; _module_preset=&#8221;default&#8221; custom_margin=&#8221;||3px|||&#8221; global_colors_info=&#8221;{}&#8221;]<\/p>\n<p class=\"p1\"><b>Rito del Vidente<\/b><\/p>\n<p>[\/et_pb_text][et_pb_text _builder_version=&#8221;4.18.0&#8243; _module_preset=&#8221;default&#8221; text_font=&#8221;Flama Regular||||||||&#8221; text_font_size=&#8221;14px&#8221; text_line_height=&#8221;1.4em&#8221; global_colors_info=&#8221;{}&#8221;]<\/p>\n<p class=\"p1\"><span class=\"s1\">Establece nuevas conexiones neuronales entre la corteza visual, el tercer ojo y el coraz\u00f3n. As\u00ed, la visi\u00f3n interior del mundo invisible de las energ\u00edas sutiles se despierta junto con la gracia de quienes ven con los ojos del amor y la compasi\u00f3n.<\/span><\/p>\n<p>[\/et_pb_text][\/et_pb_column][et_pb_column type=&#8221;1_5&#8243; _builder_version=&#8221;4.18.0&#8243; _module_preset=&#8221;default&#8221; global_colors_info=&#8221;{}&#8221;][et_pb_text _builder_version=&#8221;4.18.0&#8243; _module_preset=&#8221;default&#8221; header_font=&#8221;Flama Bold Italica||||||||&#8221; custom_margin=&#8221;||-9px||false|false&#8221; custom_padding=&#8221;||||false|false&#8221; global_colors_info=&#8221;{}&#8221;]<\/p>\n<h1 class=\"p1\"><b>Rito 5<\/b><\/h1>\n<p>[\/et_pb_text][et_pb_text _builder_version=&#8221;4.18.0&#8243; _module_preset=&#8221;default&#8221; custom_margin=&#8221;||3px|||&#8221; global_colors_info=&#8221;{}&#8221;]<\/p>\n<p class=\"p1\"><b>Guardi\u00e1n\/a del D\u00eda<\/b><\/p>\n<p>[\/et_pb_text][et_pb_text _builder_version=&#8221;4.18.0&#8243; _module_preset=&#8221;default&#8221; text_font=&#8221;Flama Regular||||||||&#8221; text_font_size=&#8221;14px&#8221; text_line_height=&#8221;1.4em&#8221; global_colors_info=&#8221;{}&#8221;]<\/p>\n<p class=\"p1\"><span class=\"s1\">Nos inicia en un linaje de curanderos\/as que traen salud y armon\u00eda a una comunidad, activando y alimentando sus altares. Los elementos (tierra, agua, viento, fuego, espacio) son honrados y equilibrados con oraciones e intenci\u00f3n para que la vida fluya en orden sagrado. Este linaje trae una gran conciencia de las cualidades suaves y receptivas de la vida, sanando y fortaleciendo nuestra relaci\u00f3n con lo femenino.<\/span><\/p>\n<p>[\/et_pb_text][\/et_pb_column][\/et_pb_row][et_pb_row column_structure=&#8221;1_5,1_5,1_5,1_5,1_5&#8243; _builder_version=&#8221;4.18.0&#8243; _module_preset=&#8221;default&#8221; custom_margin=&#8221;31px|auto||auto||&#8221; custom_padding=&#8221;9px|||||&#8221; global_colors_info=&#8221;{}&#8221;][et_pb_column type=&#8221;1_5&#8243; _builder_version=&#8221;4.18.0&#8243; _module_preset=&#8221;default&#8221; global_colors_info=&#8221;{}&#8221;][et_pb_text _builder_version=&#8221;4.18.0&#8243; _module_preset=&#8221;default&#8221; header_font=&#8221;Flama Bold Italica||||||||&#8221; custom_margin=&#8221;||-9px||false|false&#8221; custom_padding=&#8221;||||false|false&#8221; global_colors_info=&#8221;{}&#8221;]<\/p>\n<h1 class=\"p1\"><b>Rito 6<\/b><\/h1>\n<p>[\/et_pb_text][et_pb_text _builder_version=&#8221;4.18.0&#8243; _module_preset=&#8221;default&#8221; text_line_height=&#8221;1.6em&#8221; custom_margin=&#8221;||17px|||&#8221; global_colors_info=&#8221;{}&#8221;]<\/p>\n<p class=\"p1\"><b>Guardi\u00e1n\/a de la Sabidur\u00eda<\/b><\/p>\n<p>[\/et_pb_text][et_pb_text _builder_version=&#8221;4.18.0&#8243; _module_preset=&#8221;default&#8221; text_font=&#8221;Flama Regular||||||||&#8221; text_font_size=&#8221;14px&#8221; text_line_height=&#8221;1.4em&#8221; global_colors_info=&#8221;{}&#8221;]<\/p>\n<p class=\"p1\"><span class=\"s1\">La sabidur\u00eda de este linaje no se trata de acumular informaci\u00f3n. El Alto Mesayok (Sabio) recuerda c\u00f3mo dialogar con la naturaleza, entendiendo en sus corazones la energ\u00eda que mueve sus ciclos y ritmos. En los Andes son reconocidos por su habilidad para llamar a los rayos y por su \u00edntima conexi\u00f3n con los esp\u00edritus guardianes de las monta\u00f1as.<\/span><\/p>\n<p>[\/et_pb_text][\/et_pb_column][et_pb_column type=&#8221;1_5&#8243; _builder_version=&#8221;4.18.0&#8243; _module_preset=&#8221;default&#8221; global_colors_info=&#8221;{}&#8221;][et_pb_text _builder_version=&#8221;4.18.0&#8243; _module_preset=&#8221;default&#8221; header_font=&#8221;Flama Bold Italica||||||||&#8221; custom_margin=&#8221;||-9px||false|false&#8221; custom_padding=&#8221;||||false|false&#8221; global_colors_info=&#8221;{}&#8221;]<\/p>\n<h1 class=\"p1\"><b>Rito 7<\/b><\/h1>\n<p>[\/et_pb_text][et_pb_text _builder_version=&#8221;4.18.0&#8243; _module_preset=&#8221;default&#8221; text_line_height=&#8221;1.6em&#8221; custom_margin=&#8221;||17px|||&#8221; global_colors_info=&#8221;{}&#8221;]<\/p>\n<p class=\"p1\"><b>Guardi\u00e1n\/a de la Tierra<\/b><\/p>\n<p>[\/et_pb_text][et_pb_text _builder_version=&#8221;4.18.0&#8243; _module_preset=&#8221;default&#8221; text_font=&#8221;Flama Regular||||||||&#8221; text_font_size=&#8221;14px&#8221; text_line_height=&#8221;1.4em&#8221; global_colors_info=&#8221;{}&#8221;]<\/p>\n<p class=\"p1\"><span class=\"s1\">Estos hombres y mujeres tienen la visi\u00f3n m\u00e1s amplia y verdadera sobre el significado de la vida en la Tierra. No acumulan datos cient\u00edficos sobre la evoluci\u00f3n de las especies. Ellos\/ellas tienen la perspectiva de la vida desde la conciencia del sol y las estrellas que nos iluminan. En los Andes son reconocidos como los maestros ascendidos que se comunican con los astros y mastican sus conocimientos para entregarlos de manera suave, discreta y digerible a sus pueblos, as\u00ed como una madre mastica la comida para su beb\u00e9 que no tiene dientes.<\/span><\/p>\n<p>[\/et_pb_text][\/et_pb_column][et_pb_column type=&#8221;1_5&#8243; _builder_version=&#8221;4.18.0&#8243; _module_preset=&#8221;default&#8221; global_colors_info=&#8221;{}&#8221;][et_pb_text _builder_version=&#8221;4.18.0&#8243; _module_preset=&#8221;default&#8221; header_font=&#8221;Flama Bold Italica||||||||&#8221; custom_margin=&#8221;||-9px||false|false&#8221; custom_padding=&#8221;||||false|false&#8221; global_colors_info=&#8221;{}&#8221;]<\/p>\n<h1 class=\"p1\"><b>Rito 8<\/b><\/h1>\n<p>&nbsp;<br \/>\n[\/et_pb_text][et_pb_text _builder_version=&#8221;4.18.0&#8243; _module_preset=&#8221;default&#8221; text_line_height=&#8221;1.6em&#8221; custom_margin=&#8221;||17px|||&#8221; global_colors_info=&#8221;{}&#8221;]<\/p>\n<p class=\"p1\"><b>Guardi\u00e1n\/a de las Estrellas<\/b><\/p>\n<p>[\/et_pb_text][et_pb_text _builder_version=&#8221;4.18.0&#8243; _module_preset=&#8221;default&#8221; text_font=&#8221;Flama Regular||||||||&#8221; text_font_size=&#8221;14px&#8221; text_line_height=&#8221;1.4em&#8221; global_colors_info=&#8221;{}&#8221;]<\/p>\n<p class=\"p1\"><span class=\"s1\">Esta iniciaci\u00f3n despierta la percepci\u00f3n de nuestro posible futuro. Es la conciencia de los profetas que no solo conocen la profec\u00eda desde la distancia, sino que toman un papel activo en lograr cambios para un mejor destino. Desde el punto de vista del Dr. Alberto Villoldo, esta iniciaci\u00f3n abre la puerta para participar l\u00facidamente en nuestra evoluci\u00f3n del &#8220;<i>homo sapiens<\/i>&#8221; al &#8220;<i>homo luminous<\/i>&#8220;.<\/span><\/p>\n<p>[\/et_pb_text][\/et_pb_column][et_pb_column type=&#8221;1_5&#8243; _builder_version=&#8221;4.18.0&#8243; _module_preset=&#8221;default&#8221; global_colors_info=&#8221;{}&#8221;][et_pb_text _builder_version=&#8221;4.18.0&#8243; _module_preset=&#8221;default&#8221; header_font=&#8221;Flama Bold Italica||||||||&#8221; custom_margin=&#8221;||-9px||false|false&#8221; custom_padding=&#8221;||||false|false&#8221; global_colors_info=&#8221;{}&#8221;]<\/p>\n<h1 class=\"p1\"><b>Rito 9<\/b><\/h1>\n<p>&nbsp;<br \/>\n[\/et_pb_text][et_pb_text _builder_version=&#8221;4.18.0&#8243; _module_preset=&#8221;default&#8221; text_line_height=&#8221;1.6em&#8221; custom_margin=&#8221;||18px|||&#8221; global_colors_info=&#8221;{}&#8221;]<\/p>\n<p class=\"p1\"><b>El Creador\/La Creadora<\/b><\/p>\n<p>[\/et_pb_text][et_pb_text _builder_version=&#8221;4.18.0&#8243; _module_preset=&#8221;default&#8221; text_font=&#8221;Flama Regular||||||||&#8221; text_font_size=&#8221;14px&#8221; text_line_height=&#8221;1.4em&#8221; global_colors_info=&#8221;{}&#8221;]<\/p>\n<p class=\"p1\"><span class=\"s1\">Esta iniciaci\u00f3n nos estimula a descubrir nuestra naturaleza infinita no separada de la fuente creativa y de toda la creaci\u00f3n; nos hace sensibles a nuestro poder de manifestaci\u00f3n y nos ense\u00f1a a so\u00f1ar que el mundo existe. Vamos a darnos cuenta que crear no es solo un privilegio, sino tambi\u00e9n una responsabilidad, por lo que nos invita a crear con mucho amor y valent\u00eda.<\/span><\/p>\n<p>[\/et_pb_text][\/et_pb_column][et_pb_column type=&#8221;1_5&#8243; _builder_version=&#8221;4.18.0&#8243; _module_preset=&#8221;default&#8221; global_colors_info=&#8221;{}&#8221;][et_pb_text _builder_version=&#8221;4.18.0&#8243; _module_preset=&#8221;default&#8221; header_font=&#8221;Flama Bold Italica||||||||&#8221; custom_margin=&#8221;||-9px||false|false&#8221; custom_padding=&#8221;||||false|false&#8221; global_colors_info=&#8221;{}&#8221;]<\/p>\n<h1 class=\"p1\"><b>Rito 10<\/b><\/h1>\n<p>&nbsp;<br \/>\n[\/et_pb_text][et_pb_text _builder_version=&#8221;4.18.0&#8243; _module_preset=&#8221;default&#8221; text_line_height=&#8221;1.6em&#8221; custom_margin=&#8221;||19px|||&#8221; global_colors_info=&#8221;{}&#8221;]<\/p>\n<p class=\"p1\"><b>Rito del \u00datero<\/b><\/p>\n<p>[\/et_pb_text][et_pb_text _builder_version=&#8221;4.18.0&#8243; _module_preset=&#8221;default&#8221; text_font=&#8221;Flama Regular||||||||&#8221; text_font_size=&#8221;14px&#8221; text_line_height=&#8221;1.4em&#8221; global_colors_info=&#8221;{}&#8221;]<\/p>\n<p class=\"p1\"><span class=\"s1\">Es una sanaci\u00f3n y una bendici\u00f3n que nos conecta con un linaje de mujeres que se liberaron del sufrimiento. Este linaje quiere que recordemos que \u201cel \u00datero no es un lugar para almacenar miedo o dolor; el \u00datero es para crear y dar a luz a la vida\u201d. El \u00fatero debe ser un vaso puro, ya que lo llevar\u00e1 a las generaciones venideras.<\/span><\/p>\n<p>[\/et_pb_text][\/et_pb_column][\/et_pb_row][\/et_pb_section][et_pb_section fb_built=&#8221;1&#8243; disabled_on=&#8221;on|on|off&#8221; _builder_version=&#8221;4.18.0&#8243; _module_preset=&#8221;default&#8221; use_background_color_gradient=&#8221;on&#8221; background_color_gradient_stops=&#8221;rgba(242,205,138,0.23) 0%|rgba(31,132,183,0.68) 100%&#8221; custom_margin=&#8221;||65px|||&#8221; custom_padding=&#8221;31px|||||&#8221; global_colors_info=&#8221;{}&#8221;][et_pb_row _builder_version=&#8221;4.18.0&#8243; _module_preset=&#8221;default&#8221; custom_padding=&#8221;||33px|||&#8221; global_colors_info=&#8221;{}&#8221;][et_pb_column type=&#8221;4_4&#8243; _builder_version=&#8221;4.18.0&#8243; _module_preset=&#8221;default&#8221; global_colors_info=&#8221;{}&#8221;][et_pb_text _builder_version=&#8221;4.18.0&#8243; _module_preset=&#8221;default&#8221; text_font=&#8221;Nazeefa||||||||&#8221; text_font_size=&#8221;60px&#8221; header_2_font=&#8221;Nazeefa||||||||&#8221; header_2_font_size=&#8221;66px&#8221; custom_margin=&#8221;||4px||false|false&#8221; custom_padding=&#8221;|||261px||&#8221; global_colors_info=&#8221;{}&#8221;]<\/p>\n<h2 style=\"text-align: left;\">Las<\/h2>\n<p>[\/et_pb_text][et_pb_text _builder_version=&#8221;4.18.0&#8243; _module_preset=&#8221;default&#8221; text_font=&#8221;Actor|300|||||||&#8221; text_text_color=&#8221;#0a0a0a&#8221; text_font_size=&#8221;42px&#8221; text_line_height=&#8221;1em&#8221; custom_margin=&#8221;||4px|||&#8221; global_colors_info=&#8221;{}&#8221;]<\/p>\n<p class=\"p1\" style=\"text-align: center;\">FACILITADORAS<\/p>\n<p>[\/et_pb_text][et_pb_text _builder_version=&#8221;4.18.0&#8243; _module_preset=&#8221;default&#8221; text_text_color=&#8221;#0a0a0a&#8221; text_line_height=&#8221;1.6em&#8221; custom_padding=&#8221;|266px||266px||true&#8221; global_colors_info=&#8221;{}&#8221;]<\/p>\n<p class=\"p1\" style=\"text-align: right;\">Laura Tellez<\/p>\n<p class=\"p1\" style=\"text-align: right;\">Mar\u00eda Milagros Kowalski<\/p>\n<p>[\/et_pb_text][\/et_pb_column][\/et_pb_row][et_pb_row column_structure=&#8221;1_3,2_3&#8243; _builder_version=&#8221;4.18.0&#8243; _module_preset=&#8221;default&#8221; global_colors_info=&#8221;{}&#8221;][et_pb_column type=&#8221;1_3&#8243; _builder_version=&#8221;4.18.0&#8243; _module_preset=&#8221;default&#8221; global_colors_info=&#8221;{}&#8221;][et_pb_image src=&#8221;https:\/\/mariamilagros.soy\/wp-content\/uploads\/2022\/09\/4aa465e1-e87c-4127-a9e6-7dae154801b3-1.jpg&#8221; title_text=&#8221;4aa465e1-e87c-4127-a9e6-7dae154801b3 (1)&#8221; _builder_version=&#8221;4.18.0&#8243; _module_preset=&#8221;default&#8221; global_colors_info=&#8221;{}&#8221;][\/et_pb_image][et_pb_text _builder_version=&#8221;4.18.0&#8243; _module_preset=&#8221;default&#8221; text_line_height=&#8221;1em&#8221; global_colors_info=&#8221;{}&#8221;]<\/p>\n<p class=\"p1\">Laura Tellez<\/p>\n<p class=\"p1\">Mar\u00eda Milagros Kowalski<\/p>\n<p>[\/et_pb_text][\/et_pb_column][et_pb_column type=&#8221;2_3&#8243; _builder_version=&#8221;4.18.0&#8243; _module_preset=&#8221;default&#8221; global_colors_info=&#8221;{}&#8221;][et_pb_text _builder_version=&#8221;4.18.0&#8243; _module_preset=&#8221;default&#8221; text_font=&#8221;Flama Regular||||||||&#8221; text_line_height=&#8221;2em&#8221; global_colors_info=&#8221;{}&#8221;]<\/p>\n<p class=\"p1\"><span style=\"color: #333333;\">Ambas se iniciaron en el Munay-Ki en el a\u00f1o 2015 en un<span class=\"Apple-converted-space\">\u00a0 <\/span>viaje espiritual a las monta\u00f1as de Medell\u00edn en Colombia junto a Malieokalani Urrutia. \u201cDesde entonces he podido sentir la presencia del linaje espiritual de los guardianes de la Tierra y el Cielo y he visto como mi vida ha ido evolucionando, tomando mayor compromiso y liderazgo en mi comunidad, honrando siempre la sagrada Vida en la Tierra y el Universo\u201d, Mar\u00eda Milagros.<\/span><\/p>\n<p class=\"p1\"><span style=\"color: #333333;\">\u201cDesde peque\u00f1a he sentido una gran conexi\u00f3n con el mundo natural y salvaje. En esos espacios ha sido donde he encontrado mi mayor crecimiento y libertad. He vuelto a mi misi\u00f3n de vida: compartir la naturaleza, crear espacios de conexi\u00f3n con ella y trabajar por la conservaci\u00f3n y regeneraci\u00f3n del mundo natural y todos los seres vivos\u201d, Laura Tellez.<\/span><\/p>\n<p class=\"p1\"><span style=\"color: #333333;\">El Munay-Ki consta de 10 ritos, los cuales podr\u00e1s luego entregarlos a otros, una vez hayas recibido la iniciaci\u00f3n y la activaci\u00f3n.<span class=\"Apple-converted-space\">\u00a0 <\/span>Vivir\u00e1s una experiencia profunda que te ayudar\u00e1 a evolucionar en todas las \u00e1reas de tu vida y aprender\u00e1s sobre la fascinante cultura de los guardianes del conocimiento ancestral del Per\u00fa. Tambi\u00e9n vas a sentir una transformaci\u00f3n en tu campo de energ\u00eda luminosa.<\/span><\/p>\n<p>[\/et_pb_text][\/et_pb_column][\/et_pb_row][et_pb_row column_structure=&#8221;1_5,3_5,1_5&#8243; _builder_version=&#8221;4.18.0&#8243; _module_preset=&#8221;default&#8221; custom_margin=&#8221;64px|auto||auto||&#8221; custom_padding=&#8221;||0px|||&#8221; global_colors_info=&#8221;{}&#8221;][et_pb_column type=&#8221;1_5&#8243; _builder_version=&#8221;4.18.0&#8243; _module_preset=&#8221;default&#8221; global_colors_info=&#8221;{}&#8221;][\/et_pb_column][et_pb_column type=&#8221;3_5&#8243; _builder_version=&#8221;4.18.0&#8243; _module_preset=&#8221;default&#8221; global_colors_info=&#8221;{}&#8221;][et_pb_text _builder_version=&#8221;4.18.0&#8243; _module_preset=&#8221;default&#8221; text_font=&#8221;Copernicus book italic||||||||&#8221; text_text_color=&#8221;#0a0a0a&#8221; text_font_size=&#8221;42px&#8221; global_colors_info=&#8221;{}&#8221;]<\/p>\n<p class=\"p1\" style=\"text-align: center;\"><span class=\"s1\">LAURA<\/span> <span class=\"s1\">TELLEZ<\/span><\/p>\n<p>[\/et_pb_text][\/et_pb_column][et_pb_column type=&#8221;1_5&#8243; _builder_version=&#8221;4.18.0&#8243; _module_preset=&#8221;default&#8221; global_colors_info=&#8221;{}&#8221;][\/et_pb_column][\/et_pb_row][et_pb_row column_structure=&#8221;1_3,2_3&#8243; _builder_version=&#8221;4.18.0&#8243; _module_preset=&#8221;default&#8221; global_colors_info=&#8221;{}&#8221;][et_pb_column type=&#8221;1_3&#8243; _builder_version=&#8221;4.18.0&#8243; _module_preset=&#8221;default&#8221; global_colors_info=&#8221;{}&#8221;][et_pb_image src=&#8221;https:\/\/mariamilagros.soy\/wp-content\/uploads\/2022\/09\/PHOTO-2021-04-10-13-48-45-1.jpg&#8221; title_text=&#8221;PHOTO-2021-04-10-13-48-45 (1)&#8221; _builder_version=&#8221;4.18.0&#8243; _module_preset=&#8221;default&#8221; global_colors_info=&#8221;{}&#8221;][\/et_pb_image][\/et_pb_column][et_pb_column type=&#8221;2_3&#8243; _builder_version=&#8221;4.18.0&#8243; _module_preset=&#8221;default&#8221; global_colors_info=&#8221;{}&#8221;][et_pb_text _builder_version=&#8221;4.18.0&#8243; _module_preset=&#8221;default&#8221; text_font=&#8221;Flama Regular||||||||&#8221; text_line_height=&#8221;1.6em&#8221; custom_padding=&#8221;|0px||0px||true&#8221; global_colors_info=&#8221;{}&#8221;]<\/p>\n<p class=\"p1\"><span class=\"s1\" style=\"color: #333333;\">Laura tiene una amplia experiencia en educaci\u00f3n ambiental y de campo. Laura ha trabajado con varias organizaciones sin fines de lucro y agencias gubernamentales. Su trabajo se ha extendido desde Panam\u00e1 hasta Alaska. Ha trabajado con miles de estudiantes y educadores en el aula y en el campo. Juntos, han explorado problemas y soluciones ambientales.<\/span><\/p>\n<p class=\"p2\">\n<p class=\"p1\"><span class=\"s1\" style=\"color: #333333;\">Laura tiene un B.S. en Ciencias Ambientales. Ella tiene un M.S. en Liderazgo y Educaci\u00f3n Ecol\u00f3gica. Tambi\u00e9n tiene un aval ocupacional en energ\u00eda sostenible. Cuando no est\u00e1 trabajando, Laura disfruta de las pr\u00e1cticas de meditaci\u00f3n y de pasar tiempo al aire libre y en la naturaleza.<\/span><\/p>\n<p>[\/et_pb_text][\/et_pb_column][\/et_pb_row][et_pb_row column_structure=&#8221;1_5,3_5,1_5&#8243; _builder_version=&#8221;4.18.0&#8243; _module_preset=&#8221;default&#8221; custom_margin=&#8221;80px|auto||auto||&#8221; custom_padding=&#8221;||0px|||&#8221; global_colors_info=&#8221;{}&#8221;][et_pb_column type=&#8221;1_5&#8243; _builder_version=&#8221;4.18.0&#8243; _module_preset=&#8221;default&#8221; global_colors_info=&#8221;{}&#8221;][\/et_pb_column][et_pb_column type=&#8221;3_5&#8243; _builder_version=&#8221;4.18.0&#8243; _module_preset=&#8221;default&#8221; global_colors_info=&#8221;{}&#8221;][et_pb_text _builder_version=&#8221;4.18.0&#8243; _module_preset=&#8221;default&#8221; text_font=&#8221;Copernicus book italic||||||||&#8221; text_text_color=&#8221;#0a0a0a&#8221; text_font_size=&#8221;42px&#8221; global_colors_info=&#8221;{}&#8221;]<\/p>\n<p class=\"p1\" style=\"text-align: center;\"><span class=\"s1\">MAR\u00cdA MILAGROS<\/span><\/p>\n<p>[\/et_pb_text][\/et_pb_column][et_pb_column type=&#8221;1_5&#8243; _builder_version=&#8221;4.18.0&#8243; _module_preset=&#8221;default&#8221; global_colors_info=&#8221;{}&#8221;][\/et_pb_column][\/et_pb_row][et_pb_row column_structure=&#8221;1_3,2_3&#8243; _builder_version=&#8221;4.18.0&#8243; _module_preset=&#8221;default&#8221; global_colors_info=&#8221;{}&#8221;][et_pb_column type=&#8221;1_3&#8243; _builder_version=&#8221;4.18.0&#8243; _module_preset=&#8221;default&#8221; global_colors_info=&#8221;{}&#8221;][et_pb_image src=&#8221;https:\/\/mariamilagros.soy\/wp-content\/uploads\/2022\/09\/MK-Ceremonia2-1-e1663609407503.jpeg&#8221; title_text=&#8221;MK Ceremonia2 (1)&#8221; _builder_version=&#8221;4.18.0&#8243; _module_preset=&#8221;default&#8221; custom_padding=&#8221;||0px|||&#8221; global_colors_info=&#8221;{}&#8221;][\/et_pb_image][\/et_pb_column][et_pb_column type=&#8221;2_3&#8243; _builder_version=&#8221;4.18.0&#8243; _module_preset=&#8221;default&#8221; global_colors_info=&#8221;{}&#8221;][et_pb_text _builder_version=&#8221;4.18.0&#8243; _module_preset=&#8221;default&#8221; text_font=&#8221;Flama Regular||||||||&#8221; text_line_height=&#8221;1.6em&#8221; custom_padding=&#8221;|0px||0px||true&#8221; global_colors_info=&#8221;{}&#8221;]<\/p>\n<p class=\"p1\"><span class=\"s1\" style=\"color: #333333;\">Madre, artista y canal espiritual para ayudar a las mujeres y a hombres a renacer espiritualmente. Sus primeros 20 a\u00f1os profesionales los dedic\u00f3 a trabajar en las industrias creativas en USA y en Espa\u00f1a. En el 2002 tras una vivencia de despertar espiritual profunda dio un giro en su carrera y empez\u00f3 a formarse en t\u00e9cnicas hol\u00edsticas de sanaci\u00f3n. Mar\u00eda se ha desarrollado como facilitadora de c\u00edrculo de mujeres, sanaci\u00f3n de \u00fatero, sanaci\u00f3n ancestral y ceremonias ancestrales. Tambi\u00e9n ense\u00f1a una rueda cham\u00e1nica medicinal de transformaci\u00f3n. Para mas informaci\u00f3n puedes visitar su p\u00e1gina web: mariamilagros.soy.<\/span><\/p>\n<p>[\/et_pb_text][\/et_pb_column][\/et_pb_row][\/et_pb_section][et_pb_section fb_built=&#8221;1&#8243; disabled_on=&#8221;off|off|on&#8221; _builder_version=&#8221;4.18.0&#8243; _module_preset=&#8221;default&#8221; use_background_color_gradient=&#8221;on&#8221; background_color_gradient_stops=&#8221;rgba(242,205,138,0.23) 0%|rgba(31,132,183,0.68) 100%&#8221; custom_margin=&#8221;||65px|||&#8221; custom_padding=&#8221;31px|||||&#8221; global_colors_info=&#8221;{}&#8221;][et_pb_row _builder_version=&#8221;4.18.0&#8243; _module_preset=&#8221;default&#8221; custom_padding=&#8221;||33px|||&#8221; global_colors_info=&#8221;{}&#8221;][et_pb_column type=&#8221;4_4&#8243; _builder_version=&#8221;4.18.0&#8243; _module_preset=&#8221;default&#8221; global_colors_info=&#8221;{}&#8221;][et_pb_text _builder_version=&#8221;4.18.0&#8243; _module_preset=&#8221;default&#8221; text_font=&#8221;Nazeefa||||||||&#8221; text_font_size=&#8221;60px&#8221; header_2_font=&#8221;Nazeefa||||||||&#8221; header_2_font_size=&#8221;66px&#8221; custom_margin=&#8221;||18px||false|false&#8221; custom_padding=&#8221;|||35px||&#8221; global_colors_info=&#8221;{}&#8221;]<\/p>\n<h2 style=\"text-align: left;\">Las<\/h2>\n<p>[\/et_pb_text][et_pb_text _builder_version=&#8221;4.18.0&#8243; _module_preset=&#8221;default&#8221; text_font=&#8221;Actor|300|||||||&#8221; text_text_color=&#8221;#0a0a0a&#8221; text_font_size=&#8221;42px&#8221; text_line_height=&#8221;1em&#8221; custom_margin=&#8221;||4px|||&#8221; global_colors_info=&#8221;{}&#8221;]<\/p>\n<p class=\"p1\" style=\"text-align: center;\">FACILITADORAS<\/p>\n<p>[\/et_pb_text][et_pb_text _builder_version=&#8221;4.18.0&#8243; _module_preset=&#8221;default&#8221; text_text_color=&#8221;#0a0a0a&#8221; text_font_size=&#8221;18px&#8221; text_line_height=&#8221;1.6em&#8221; custom_padding=&#8221;28px||||false|true&#8221; global_colors_info=&#8221;{}&#8221;]<\/p>\n<p class=\"p1\" style=\"text-align: right;\">Laura Tellez<\/p>\n<p class=\"p1\" style=\"text-align: right;\">Mar\u00eda Milagros Kowalski<\/p>\n<p>[\/et_pb_text][\/et_pb_column][\/et_pb_row][et_pb_row column_structure=&#8221;1_3,2_3&#8243; _builder_version=&#8221;4.18.0&#8243; _module_preset=&#8221;default&#8221; global_colors_info=&#8221;{}&#8221;][et_pb_column type=&#8221;1_3&#8243; _builder_version=&#8221;4.18.0&#8243; _module_preset=&#8221;default&#8221; global_colors_info=&#8221;{}&#8221;][et_pb_image src=&#8221;https:\/\/mariamilagros.soy\/wp-content\/uploads\/2022\/09\/4aa465e1-e87c-4127-a9e6-7dae154801b3-1.jpg&#8221; title_text=&#8221;4aa465e1-e87c-4127-a9e6-7dae154801b3 (1)&#8221; _builder_version=&#8221;4.18.0&#8243; _module_preset=&#8221;default&#8221; global_colors_info=&#8221;{}&#8221;][\/et_pb_image][et_pb_text _builder_version=&#8221;4.18.0&#8243; _module_preset=&#8221;default&#8221; text_line_height=&#8221;1em&#8221; custom_margin=&#8221;-22px|||||&#8221; global_colors_info=&#8221;{}&#8221;]<\/p>\n<p class=\"p1\" style=\"text-align: right;\">Laura Tellez<\/p>\n<p class=\"p1\" style=\"text-align: left;\">Mar\u00eda Milagros Kowalski<\/p>\n<p>[\/et_pb_text][\/et_pb_column][et_pb_column type=&#8221;2_3&#8243; _builder_version=&#8221;4.18.0&#8243; _module_preset=&#8221;default&#8221; global_colors_info=&#8221;{}&#8221;][et_pb_text _builder_version=&#8221;4.18.0&#8243; _module_preset=&#8221;default&#8221; text_font=&#8221;Flama Regular||||||||&#8221; text_font_size=&#8221;17px&#8221; text_line_height=&#8221;1.4em&#8221; global_colors_info=&#8221;{}&#8221;]<\/p>\n<p class=\"p1\"><span style=\"color: #333333;\">Ambas se iniciaron en el Munay-Ki en el a\u00f1o 2015 en un<span class=\"Apple-converted-space\">\u00a0 <\/span>viaje espiritual a las monta\u00f1as de Medell\u00edn en Colombia junto a Malieokalani Urrutia. \u201cDesde entonces he podido sentir la presencia del linaje espiritual de los guardianes de la Tierra y el Cielo y he visto como mi vida ha ido evolucionando, tomando mayor compromiso y liderazgo en mi comunidad, honrando siempre la sagrada Vida en la Tierra y el Universo\u201d, Mar\u00eda Milagros.<\/span><\/p>\n<p class=\"p1\"><span style=\"color: #333333;\">\u201cDesde peque\u00f1a he sentido una gran conexi\u00f3n con el mundo natural y salvaje. En esos espacios ha sido donde he encontrado mi mayor crecimiento y libertad. He vuelto a mi misi\u00f3n de vida: compartir la naturaleza, crear espacios de conexi\u00f3n con ella y trabajar por la conservaci\u00f3n y regeneraci\u00f3n del mundo natural y todos los seres vivos\u201d, Laura Tellez.<\/span><\/p>\n<p class=\"p1\"><span style=\"color: #333333;\">El Munay-Ki consta de 10 ritos, los cuales podr\u00e1s luego entregarlos a otros, una vez hayas recibido la iniciaci\u00f3n y la activaci\u00f3n.<span class=\"Apple-converted-space\">\u00a0 <\/span>Vivir\u00e1s una experiencia profunda que te ayudar\u00e1 a evolucionar en todas las \u00e1reas de tu vida y aprender\u00e1s sobre la fascinante cultura de los guardianes del conocimiento ancestral del Per\u00fa. Tambi\u00e9n vas a sentir una transformaci\u00f3n en tu campo de energ\u00eda luminosa.<\/span><\/p>\n<p>[\/et_pb_text][\/et_pb_column][\/et_pb_row][et_pb_row _builder_version=&#8221;4.18.0&#8243; _module_preset=&#8221;default&#8221; custom_margin=&#8221;|auto|-32px|auto||&#8221; custom_padding=&#8221;54px|||||&#8221; global_colors_info=&#8221;{}&#8221;][et_pb_column type=&#8221;4_4&#8243; _builder_version=&#8221;4.18.0&#8243; _module_preset=&#8221;default&#8221; global_colors_info=&#8221;{}&#8221;][et_pb_text _builder_version=&#8221;4.18.0&#8243; _module_preset=&#8221;default&#8221; text_font=&#8221;Copernicus book italic||||||||&#8221; text_text_color=&#8221;#0a0a0a&#8221; text_font_size=&#8221;31px&#8221; global_colors_info=&#8221;{}&#8221;]<\/p>\n<p class=\"p1\" style=\"text-align: center;\"><span class=\"s1\">LAURA<\/span> <span class=\"s1\">TELLEZ<\/span><\/p>\n<p>[\/et_pb_text][\/et_pb_column][\/et_pb_row][et_pb_row column_structure=&#8221;1_3,2_3&#8243; _builder_version=&#8221;4.18.0&#8243; _module_preset=&#8221;default&#8221; global_colors_info=&#8221;{}&#8221;][et_pb_column type=&#8221;1_3&#8243; _builder_version=&#8221;4.18.0&#8243; _module_preset=&#8221;default&#8221; global_colors_info=&#8221;{}&#8221;][et_pb_image src=&#8221;https:\/\/mariamilagros.soy\/wp-content\/uploads\/2022\/09\/PHOTO-2021-04-10-13-48-45-1.jpg&#8221; title_text=&#8221;PHOTO-2021-04-10-13-48-45 (1)&#8221; _builder_version=&#8221;4.18.0&#8243; _module_preset=&#8221;default&#8221; global_colors_info=&#8221;{}&#8221;][\/et_pb_image][\/et_pb_column][et_pb_column type=&#8221;2_3&#8243; _builder_version=&#8221;4.18.0&#8243; _module_preset=&#8221;default&#8221; global_colors_info=&#8221;{}&#8221;][et_pb_text _builder_version=&#8221;4.18.0&#8243; _module_preset=&#8221;default&#8221; text_font=&#8221;Flama Regular||||||||&#8221; text_font_size=&#8221;17px&#8221; text_line_height=&#8221;1.4em&#8221; custom_padding=&#8221;|0px||0px||true&#8221; global_colors_info=&#8221;{}&#8221;]<\/p>\n<p class=\"p1\"><span class=\"s1\" style=\"color: #333333;\">Laura tiene una amplia experiencia en educaci\u00f3n ambiental y de campo. Laura ha trabajado con varias organizaciones sin fines de lucro y agencias gubernamentales. Su trabajo se ha extendido desde Panam\u00e1 hasta Alaska. Ha trabajado con miles de estudiantes y educadores en el aula y en el campo. Juntos, han explorado problemas y soluciones ambientales.<\/span><\/p>\n<p class=\"p2\">\n<p class=\"p1\"><span class=\"s1\" style=\"color: #333333;\">Laura tiene un B.S. en Ciencias Ambientales. Ella tiene un M.S. en Liderazgo y Educaci\u00f3n Ecol\u00f3gica. Tambi\u00e9n tiene un aval ocupacional en energ\u00eda sostenible. Cuando no est\u00e1 trabajando, Laura disfruta de las pr\u00e1cticas de meditaci\u00f3n y de pasar tiempo al aire libre y en la naturaleza.<\/span><\/p>\n<p>[\/et_pb_text][\/et_pb_column][\/et_pb_row][et_pb_row _builder_version=&#8221;4.18.0&#8243; _module_preset=&#8221;default&#8221; custom_margin=&#8221;39px|auto||auto||&#8221; custom_padding=&#8221;||0px|||&#8221; global_colors_info=&#8221;{}&#8221;][et_pb_column type=&#8221;4_4&#8243; _builder_version=&#8221;4.18.0&#8243; _module_preset=&#8221;default&#8221; global_colors_info=&#8221;{}&#8221;][et_pb_text _builder_version=&#8221;4.18.0&#8243; _module_preset=&#8221;default&#8221; text_font=&#8221;Copernicus book italic||||||||&#8221; text_text_color=&#8221;#0a0a0a&#8221; text_font_size=&#8221;30px&#8221; global_colors_info=&#8221;{}&#8221;]<\/p>\n<p class=\"p1\" style=\"text-align: center;\"><span class=\"s1\">MAR\u00cdA\u00a0 \u00a0MILAGROS<\/span><\/p>\n<p>[\/et_pb_text][\/et_pb_column][\/et_pb_row][et_pb_row column_structure=&#8221;1_3,2_3&#8243; _builder_version=&#8221;4.18.0&#8243; _module_preset=&#8221;default&#8221; custom_padding=&#8221;21px|||||&#8221; global_colors_info=&#8221;{}&#8221;][et_pb_column type=&#8221;1_3&#8243; _builder_version=&#8221;4.18.0&#8243; _module_preset=&#8221;default&#8221; global_colors_info=&#8221;{}&#8221;][et_pb_image src=&#8221;https:\/\/mariamilagros.soy\/wp-content\/uploads\/2022\/09\/MK-Ceremonia2-1-e1663609407503.jpeg&#8221; title_text=&#8221;MK Ceremonia2 (1)&#8221; _builder_version=&#8221;4.18.0&#8243; _module_preset=&#8221;default&#8221; custom_padding=&#8221;||0px|||&#8221; global_colors_info=&#8221;{}&#8221;][\/et_pb_image][\/et_pb_column][et_pb_column type=&#8221;2_3&#8243; _builder_version=&#8221;4.18.0&#8243; _module_preset=&#8221;default&#8221; global_colors_info=&#8221;{}&#8221;][et_pb_text _builder_version=&#8221;4.18.0&#8243; _module_preset=&#8221;default&#8221; text_font=&#8221;Flama Regular||||||||&#8221; text_font_size=&#8221;17px&#8221; text_line_height=&#8221;1.4em&#8221; custom_padding=&#8221;|0px||0px||true&#8221; global_colors_info=&#8221;{}&#8221;]<\/p>\n<p class=\"p1\"><span class=\"s1\" style=\"color: #333333;\">Madre, artista y canal espiritual para ayudar a las mujeres y a hombres a renacer espiritualmente. Sus primeros 20 a\u00f1os profesionales los dedic\u00f3 a trabajar en las industrias creativas en USA y en Espa\u00f1a. En el 2002 tras una vivencia de despertar espiritual profunda dio un giro en su carrera y empez\u00f3 a formarse en t\u00e9cnicas hol\u00edsticas de sanaci\u00f3n. Mar\u00eda se ha desarrollado como facilitadora de c\u00edrculo de mujeres, sanaci\u00f3n de \u00fatero, sanaci\u00f3n ancestral y ceremonias ancestrales. Tambi\u00e9n ense\u00f1a una rueda cham\u00e1nica medicinal de transformaci\u00f3n. Para mas informaci\u00f3n puedes visitar su p\u00e1gina web: mariamilagros.soy.<\/span><\/p>\n<p>[\/et_pb_text][\/et_pb_column][\/et_pb_row][\/et_pb_section][et_pb_section fb_built=&#8221;1&#8243; disabled_on=&#8221;on|on|off&#8221; _builder_version=&#8221;4.18.0&#8243; _module_preset=&#8221;default&#8221; background_image=&#8221;https:\/\/mariamilagros.soy\/wp-content\/uploads\/2022\/09\/PIEDRA-PI.png&#8221; background_size=&#8221;initial&#8221; background_position=&#8221;top_right&#8221; custom_padding=&#8221;6px||38px|||&#8221; global_colors_info=&#8221;{}&#8221;][et_pb_row _builder_version=&#8221;4.18.0&#8243; _module_preset=&#8221;default&#8221; custom_padding=&#8221;||33px|||&#8221; global_colors_info=&#8221;{}&#8221;][et_pb_column type=&#8221;4_4&#8243; _builder_version=&#8221;4.18.0&#8243; _module_preset=&#8221;default&#8221; global_colors_info=&#8221;{}&#8221;][et_pb_text _builder_version=&#8221;4.18.0&#8243; _module_preset=&#8221;default&#8221; text_font=&#8221;Nazeefa||||||||&#8221; text_font_size=&#8221;60px&#8221; header_2_font=&#8221;Nazeefa||||||||&#8221; header_2_font_size=&#8221;66px&#8221; custom_margin=&#8221;||-18px|||&#8221; custom_padding=&#8221;|||337px||&#8221; global_colors_info=&#8221;{}&#8221;]<\/p>\n<h2 style=\"text-align: left;\">\u00bfQu\u00e9<\/h2>\n<p>[\/et_pb_text][et_pb_text _builder_version=&#8221;4.18.0&#8243; _module_preset=&#8221;default&#8221; text_font=&#8221;Copernicus book italic|300|||||||&#8221; text_text_color=&#8221;#0a0a0a&#8221; text_font_size=&#8221;42px&#8221; text_line_height=&#8221;1em&#8221; custom_margin=&#8221;||4px|||&#8221; global_colors_info=&#8221;{}&#8221;]<\/p>\n<p class=\"p1\" style=\"text-align: center;\">vas a<\/p>\n<p>[\/et_pb_text][et_pb_text _builder_version=&#8221;4.18.0&#8243; _module_preset=&#8221;default&#8221; text_font=&#8221;||||||||&#8221; text_text_color=&#8221;#0a0a0a&#8221; text_font_size=&#8221;63px&#8221; text_line_height=&#8221;1em&#8221; custom_margin=&#8221;||4px|||&#8221; custom_padding=&#8221;|||246px||&#8221; global_colors_info=&#8221;{}&#8221;]<\/p>\n<p class=\"p1\" style=\"text-align: center;\">Recibir?<\/p>\n<p>[\/et_pb_text][\/et_pb_column][\/et_pb_row][et_pb_row column_structure=&#8221;3_5,2_5&#8243; _builder_version=&#8221;4.18.0&#8243; _module_preset=&#8221;default&#8221; custom_padding=&#8221;|||77px||&#8221; global_colors_info=&#8221;{}&#8221;][et_pb_column type=&#8221;3_5&#8243; _builder_version=&#8221;4.18.0&#8243; _module_preset=&#8221;default&#8221; global_colors_info=&#8221;{}&#8221;][et_pb_text _builder_version=&#8221;4.18.0&#8243; _module_preset=&#8221;default&#8221; text_font=&#8221;Flama Regular||||||||&#8221; text_line_height=&#8221;1.6em&#8221; custom_margin=&#8221;|-45px||||&#8221; custom_padding=&#8221;|||31px||&#8221; global_colors_info=&#8221;{}&#8221;]<\/p>\n<p><span style=\"font-weight: 400;\">Tu iniciaci\u00f3n como Guardi\u00e1n\/a de la Tierra y guardiana de los 10 ritos sagrados del Munay-Ki<\/span><\/p>\n<p><span style=\"font-weight: 400;\">Pertenencia a un linaje antiguo de los guardianes del conocimiento ancestral del Amazonas y los Andes.<\/span><\/p>\n<p><span style=\"font-weight: 400;\">Una activaci\u00f3n de tu cuerpo de luz para optimizar tu salud, longevidad y sabidur\u00eda que te ayudar\u00e1 a anclar los cambios energ\u00e9ticos que est\u00e1n sucediendo en la Tierra ahora y en el futuro.<\/span><\/p>\n<p><span style=\"font-weight: 400;\">Tu manual de instrucci\u00f3n para que puedas pasar los ritos a m\u00e1s personas<\/span><\/p>\n<p><span style=\"font-weight: 400;\">1 Piedra Pi activada para tu trabajo posterior como iniciador\/a.<\/span><\/p>\n<p><span style=\"font-weight: 400;\">Tu certificado oficial Munay-Ki.<\/span><\/p>\n<p><span style=\"font-weight: 400;\">C\u00f3mo abrir y cerrar espacio sagrado.<\/span><\/p>\n<p><span style=\"font-weight: 400;\">C\u00f3mo trabajar con los animales de poder.<\/span><\/p>\n<p><span style=\"font-weight: 400;\">Una sesi\u00f3n de B\u00fasqueda de Fragmentos del Alma.<\/span><span style=\"font-weight: 400;\"><br \/><\/span><span style=\"font-weight: 400;\">Podr\u00e1s registrarte como Iniciado en el Munay Ki en la p\u00e1gina munayki.org.<\/span><\/p>\n<p><span style=\"font-weight: 400;\">Acceso ilimitado a las grabaciones.<\/span><\/p>\n<p><span style=\"font-weight: 400;\">Bono: Una clase pregrabada sobre c\u00f3mo crear una ceremonia de Despacho Andino!<\/span><\/p>\n<p>[\/et_pb_text][\/et_pb_column][et_pb_column type=&#8221;2_5&#8243; _builder_version=&#8221;4.18.0&#8243; _module_preset=&#8221;default&#8221; global_colors_info=&#8221;{}&#8221;][\/et_pb_column][\/et_pb_row][\/et_pb_section][et_pb_section fb_built=&#8221;1&#8243; disabled_on=&#8221;off|off|on&#8221; _builder_version=&#8221;4.18.0&#8243; _module_preset=&#8221;default&#8221; background_image=&#8221;https:\/\/mariamilagros.soy\/wp-content\/uploads\/2022\/09\/PIEDRA-PI.png&#8221; background_size=&#8221;custom&#8221; background_image_width=&#8221;58%&#8221; background_position=&#8221;top_right&#8221; custom_padding=&#8221;6px||38px|||&#8221; global_colors_info=&#8221;{}&#8221;][et_pb_row _builder_version=&#8221;4.18.0&#8243; _module_preset=&#8221;default&#8221; width=&#8221;100%&#8221; module_alignment=&#8221;center&#8221; custom_padding=&#8221;161px||33px|||&#8221; global_colors_info=&#8221;{}&#8221;][et_pb_column type=&#8221;4_4&#8243; _builder_version=&#8221;4.18.0&#8243; _module_preset=&#8221;default&#8221; global_colors_info=&#8221;{}&#8221;][et_pb_text _builder_version=&#8221;4.18.0&#8243; _module_preset=&#8221;default&#8221; text_font=&#8221;Nazeefa||||||||&#8221; text_font_size=&#8221;60px&#8221; header_2_font=&#8221;Nazeefa||||||||&#8221; header_2_font_size=&#8221;66px&#8221; custom_margin=&#8221;||-18px|||&#8221; custom_padding=&#8221;|||0px||&#8221; global_colors_info=&#8221;{}&#8221;]<\/p>\n<h2 style=\"text-align: left;\">\u00bfQu\u00e9<\/h2>\n<p>[\/et_pb_text][et_pb_text _builder_version=&#8221;4.18.0&#8243; _module_preset=&#8221;default&#8221; text_font=&#8221;Copernicus book italic|300|||||||&#8221; text_text_color=&#8221;#0a0a0a&#8221; text_font_size=&#8221;42px&#8221; text_line_height=&#8221;1em&#8221; custom_margin=&#8221;||4px|||&#8221; global_colors_info=&#8221;{}&#8221;]<\/p>\n<p class=\"p1\" style=\"text-align: center;\">vas a<\/p>\n<p>[\/et_pb_text][et_pb_text _builder_version=&#8221;4.18.0&#8243; _module_preset=&#8221;default&#8221; text_font=&#8221;||||||||&#8221; text_text_color=&#8221;#0a0a0a&#8221; text_font_size=&#8221;63px&#8221; text_line_height=&#8221;1em&#8221; custom_margin=&#8221;||4px|||&#8221; custom_padding=&#8221;|||0px||&#8221; global_colors_info=&#8221;{}&#8221;]<\/p>\n<p class=\"p1\" style=\"text-align: center;\">Recibir?<\/p>\n<p>[\/et_pb_text][\/et_pb_column][\/et_pb_row][et_pb_row _builder_version=&#8221;4.18.0&#8243; _module_preset=&#8221;default&#8221; custom_padding=&#8221;1px|||||&#8221; global_colors_info=&#8221;{}&#8221;][et_pb_column type=&#8221;4_4&#8243; _builder_version=&#8221;4.18.0&#8243; _module_preset=&#8221;default&#8221; global_colors_info=&#8221;{}&#8221;][et_pb_text _builder_version=&#8221;4.18.0&#8243; _module_preset=&#8221;default&#8221; text_font=&#8221;Flama Regular||||||||&#8221; text_font_size=&#8221;18px&#8221; text_line_height=&#8221;1.4em&#8221; module_alignment=&#8221;center&#8221; custom_margin=&#8221;||||false|false&#8221; custom_padding=&#8221;||||false|false&#8221; global_colors_info=&#8221;{}&#8221;]<\/p>\n<p><span style=\"font-weight: 400;\">Tu iniciaci\u00f3n como Guardi\u00e1n\/a de la Tierra y guardiana de los 10 ritos sagrados del Munay-Ki<\/span><\/p>\n<p><span style=\"font-weight: 400;\">Pertenencia a un linaje antiguo de los guardianes del conocimiento ancestral del Amazonas y los Andes.<\/span><\/p>\n<p><span style=\"font-weight: 400;\">Una activaci\u00f3n de tu cuerpo de luz para optimizar tu salud, longevidad y sabidur\u00eda que te ayudar\u00e1 a anclar los cambios energ\u00e9ticos que est\u00e1n sucediendo en la Tierra ahora y en el futuro.<\/span><\/p>\n<p><span style=\"font-weight: 400;\">Tu manual de instrucci\u00f3n para que puedas pasar los ritos a m\u00e1s personas<\/span><\/p>\n<p><span style=\"font-weight: 400;\">1 Piedra Pi activada para tu trabajo posterior como iniciador\/a.<\/span><\/p>\n<p><span style=\"font-weight: 400;\">Tu certificado oficial Munay-Ki.<\/span><\/p>\n<p><span style=\"font-weight: 400;\">C\u00f3mo abrir y cerrar espacio sagrado.<\/span><\/p>\n<p><span style=\"font-weight: 400;\">C\u00f3mo trabajar con los animales de poder.<\/span><\/p>\n<p><span style=\"font-weight: 400;\">Una sesi\u00f3n de B\u00fasqueda de Fragmentos del Alma.<\/span><span style=\"font-weight: 400;\"><br \/><\/span><span style=\"font-weight: 400;\">Podr\u00e1s registrarte como Iniciado en el Munay Ki en la p\u00e1gina munayki.org.<\/span><\/p>\n<p><span style=\"font-weight: 400;\">Acceso ilimitado a las grabaciones.<\/span><\/p>\n<p><span style=\"font-weight: 400;\">Bono: Una clase pregrabada sobre c\u00f3mo crear una ceremonia de Despacho Andino!<\/span><\/p>\n<p>[\/et_pb_text][\/et_pb_column][\/et_pb_row][\/et_pb_section][et_pb_section fb_built=&#8221;1&#8243; disabled_on=&#8221;on|on|off&#8221; _builder_version=&#8221;4.18.0&#8243; _module_preset=&#8221;default&#8221; global_colors_info=&#8221;{}&#8221;][et_pb_row _builder_version=&#8221;4.18.0&#8243; _module_preset=&#8221;default&#8221; custom_padding=&#8221;||33px|||&#8221; global_colors_info=&#8221;{}&#8221;][et_pb_column type=&#8221;4_4&#8243; _builder_version=&#8221;4.18.0&#8243; _module_preset=&#8221;default&#8221; global_colors_info=&#8221;{}&#8221;][et_pb_text _builder_version=&#8221;4.18.0&#8243; _module_preset=&#8221;default&#8221; text_font=&#8221;Copernicus book italic|300|||||||&#8221; text_text_color=&#8221;#0a0a0a&#8221; text_font_size=&#8221;42px&#8221; text_letter_spacing=&#8221;27px&#8221; text_line_height=&#8221;1em&#8221; custom_margin=&#8221;||4px|||&#8221; global_colors_info=&#8221;{}&#8221;]<\/p>\n<p class=\"p1\" style=\"text-align: center;\">ACTIVIDADES<\/p>\n<p>[\/et_pb_text][et_pb_text _builder_version=&#8221;4.18.0&#8243; _module_preset=&#8221;default&#8221; text_font=&#8221;||||||||&#8221; text_text_color=&#8221;#0a0a0a&#8221; text_font_size=&#8221;63px&#8221; text_line_height=&#8221;1em&#8221; custom_margin=&#8221;||4px|||&#8221; custom_padding=&#8221;|||246px||&#8221; global_colors_info=&#8221;{}&#8221;]<\/p>\n<p class=\"p1\" style=\"text-align: center;\">HORARIO<\/p>\n<p>[\/et_pb_text][\/et_pb_column][\/et_pb_row][et_pb_row column_structure=&#8221;1_2,1_2&#8243; _builder_version=&#8221;4.18.0&#8243; _module_preset=&#8221;default&#8221; global_colors_info=&#8221;{}&#8221;][et_pb_column type=&#8221;1_2&#8243; _builder_version=&#8221;4.18.0&#8243; _module_preset=&#8221;default&#8221; global_colors_info=&#8221;{}&#8221;][et_pb_text _builder_version=&#8221;4.18.0&#8243; _module_preset=&#8221;default&#8221; text_text_color=&#8221;#0a0a0a&#8221; text_font_size=&#8221;20px&#8221; custom_margin=&#8221;||3px|||&#8221; global_colors_info=&#8221;{}&#8221;]<\/p>\n<p style=\"text-align: center;\"><strong>S\u00e1bado 14 Enero 2023<\/strong><\/p>\n<p>[\/et_pb_text][et_pb_text _builder_version=&#8221;4.18.0&#8243; _module_preset=&#8221;default&#8221; text_font=&#8221;Flama Regular||||||||&#8221; global_colors_info=&#8221;{}&#8221;]<\/p>\n<p><span style=\"font-weight: 400;\">10 am <\/span><b>C\u00edrculo de apertura<\/b><\/p>\n<p><span style=\"font-weight: 400;\">10:45 am <\/span><b>Rite 1, El Sanador\/a<\/b><\/p>\n<p><span style=\"font-weight: 400;\">11: 30 am <\/span><b>Rito 2, Bandas de poder<\/b><\/p>\n<p><span style=\"font-weight: 400;\">12:30 <\/span><b>Abrir y Cerrar Espacio Sagrado<\/b><\/p>\n<p><span style=\"font-weight: 400;\">1:30-2 pm <\/span><b>Almuerzo<\/b><\/p>\n<p><span style=\"font-weight: 400;\">2 pm <\/span><b>Rito 3, Rito de la Armon\u00eda<\/b><\/p>\n<p><span style=\"font-weight: 400;\">3 pm <\/span><b>Rito 4, Rito del Vidente<\/b><\/p>\n<p><span style=\"font-weight: 400;\">3:45 pm <\/span><b>Rito 5, Guardi\u00e1n\/a del D\u00eda<\/b><\/p>\n<p><span style=\"font-weight: 400;\">15 min <\/span><b>Pausa<\/b><\/p>\n<p><span style=\"font-weight: 400;\">4 pm <\/span><b>Rito 6, Guardi\u00e1n\/a de la Sabidur\u00eda<\/b><\/p>\n<p class=\"p1\"><span style=\"font-weight: 400;\">4:40- 5 pm <\/span><b>Preguntas y respuestas<\/b><\/p>\n<p>[\/et_pb_text][\/et_pb_column][et_pb_column type=&#8221;1_2&#8243; _builder_version=&#8221;4.18.0&#8243; _module_preset=&#8221;default&#8221; global_colors_info=&#8221;{}&#8221;][et_pb_text _builder_version=&#8221;4.18.0&#8243; _module_preset=&#8221;default&#8221; text_text_color=&#8221;#0a0a0a&#8221; text_font_size=&#8221;20px&#8221; custom_margin=&#8221;||3px|||&#8221; global_colors_info=&#8221;{}&#8221;]<\/p>\n<p style=\"text-align: center;\"><strong>Domingo 15 enero 2023<\/strong><\/p>\n<p>[\/et_pb_text][et_pb_text _builder_version=&#8221;4.18.0&#8243; _module_preset=&#8221;default&#8221; text_font=&#8221;Flama Regular||||||||&#8221; custom_padding=&#8221;||92px|28px||&#8221; global_colors_info=&#8221;{}&#8221;]<\/p>\n<p><span style=\"font-weight: 400;\">10 am <\/span><b>Abrir Espacio sagrado y compartir<\/b><\/p>\n<p><span style=\"font-weight: 400;\">10:30 am <\/span><b>Rito 7, Guardi\u00e1n\/a de la Tierra<\/b><\/p>\n<p><span style=\"font-weight: 400;\">11:30 am <\/span><b>B\u00fasqueda de Fragmentos del Alma<\/b><\/p>\n<p><span style=\"font-weight: 400;\">12:15 pm <\/span><b>Pausa<\/b><\/p>\n<p><span style=\"font-weight: 400;\">12:30 pm <\/span><b>Rito 8, Guardi\u00e1n\/a de las Estrellas<\/b><\/p>\n<p><span style=\"font-weight: 400;\">1:15 pm <\/span><b>Rito 9, El Creador\/a<\/b><\/p>\n<p><span style=\"font-weight: 400;\">2 pm <\/span><b>Rito 10, Rito del \u00datero<\/b><\/p>\n<p><span style=\"font-weight: 400;\">3 pm <\/span><b>C\u00edrculo de clausura<\/b><\/p>\n<p><span style=\"font-weight: 400;\">3:30 pm <\/span><b>Final<\/b><\/p>\n<p>[\/et_pb_text][\/et_pb_column][\/et_pb_row][\/et_pb_section][et_pb_section fb_built=&#8221;1&#8243; disabled_on=&#8221;off|off|on&#8221; _builder_version=&#8221;4.18.0&#8243; _module_preset=&#8221;default&#8221; custom_padding=&#8221;||0px|||&#8221; global_colors_info=&#8221;{}&#8221;][et_pb_row _builder_version=&#8221;4.18.0&#8243; _module_preset=&#8221;default&#8221; custom_padding=&#8221;||33px|||&#8221; global_colors_info=&#8221;{}&#8221;][et_pb_column type=&#8221;4_4&#8243; _builder_version=&#8221;4.18.0&#8243; _module_preset=&#8221;default&#8221; global_colors_info=&#8221;{}&#8221;][et_pb_text _builder_version=&#8221;4.18.0&#8243; _module_preset=&#8221;default&#8221; text_font=&#8221;Copernicus book italic|300|||||||&#8221; text_text_color=&#8221;#0a0a0a&#8221; text_font_size=&#8221;25px&#8221; text_letter_spacing=&#8221;7px&#8221; text_line_height=&#8221;1em&#8221; custom_margin=&#8221;||4px|||&#8221; global_colors_info=&#8221;{}&#8221;]<\/p>\n<p class=\"p1\" style=\"text-align: center;\">ACTIVIDADES<\/p>\n<p>[\/et_pb_text][et_pb_text _builder_version=&#8221;4.18.0&#8243; _module_preset=&#8221;default&#8221; text_font=&#8221;||||||||&#8221; text_text_color=&#8221;#0a0a0a&#8221; text_font_size=&#8221;37px&#8221; text_line_height=&#8221;1em&#8221; custom_margin=&#8221;||4px|||&#8221; custom_padding=&#8221;|||0px||&#8221; global_colors_info=&#8221;{}&#8221;]<\/p>\n<p class=\"p1\" style=\"text-align: right;\">HORARIO<\/p>\n<p>[\/et_pb_text][\/et_pb_column][\/et_pb_row][et_pb_row column_structure=&#8221;1_2,1_2&#8243; _builder_version=&#8221;4.18.0&#8243; _module_preset=&#8221;default&#8221; width=&#8221;90%&#8221; custom_padding=&#8221;||0px|||&#8221; global_colors_info=&#8221;{}&#8221;][et_pb_column type=&#8221;1_2&#8243; _builder_version=&#8221;4.18.0&#8243; _module_preset=&#8221;default&#8221; global_colors_info=&#8221;{}&#8221;][et_pb_text _builder_version=&#8221;4.18.0&#8243; _module_preset=&#8221;default&#8221; text_text_color=&#8221;#0a0a0a&#8221; text_font_size=&#8221;20px&#8221; custom_margin=&#8221;||3px|||&#8221; global_colors_info=&#8221;{}&#8221;]<\/p>\n<p style=\"text-align: center;\"><strong>S\u00e1bado 22 Octubre<\/strong><\/p>\n<p>[\/et_pb_text][et_pb_text _builder_version=&#8221;4.18.0&#8243; _module_preset=&#8221;default&#8221; text_font=&#8221;Flama Regular||||||||&#8221; global_colors_info=&#8221;{}&#8221;]<\/p>\n<p><span style=\"font-weight: 400;\">10 am <\/span><b>C\u00edrculo de apertura<\/b><\/p>\n<p><span style=\"font-weight: 400;\">10:45 am <\/span><b>Rite 1, El Sanador\/a<\/b><\/p>\n<p><span style=\"font-weight: 400;\">11: 30 am <\/span><b>Rito 2, Bandas de poder<\/b><\/p>\n<p><span style=\"font-weight: 400;\">12:30 <\/span><b>Abrir y Cerrar Espacio Sagrado<\/b><\/p>\n<p><span style=\"font-weight: 400;\">1:30-2 pm <\/span><b>Almuerzo<\/b><\/p>\n<p><span style=\"font-weight: 400;\">2 pm <\/span><b>Rito 3, Rito de la Armon\u00eda<\/b><\/p>\n<p><span style=\"font-weight: 400;\">3 pm <\/span><b>Rito 4, Rito del Vidente<\/b><\/p>\n<p><span style=\"font-weight: 400;\">3:45 pm <\/span><b>Rito 5, Guardi\u00e1n\/a del D\u00eda<\/b><\/p>\n<p><span style=\"font-weight: 400;\">15 min <\/span><b>Pausa<\/b><\/p>\n<p><span style=\"font-weight: 400;\">4 pm <\/span><b>Rito 6, Guardi\u00e1n\/a de la Sabidur\u00eda<\/b><\/p>\n<p class=\"p1\"><span style=\"font-weight: 400;\">4:40- 5 pm <\/span><b>Preguntas y respuestas<\/b><\/p>\n<p>[\/et_pb_text][\/et_pb_column][et_pb_column type=&#8221;1_2&#8243; _builder_version=&#8221;4.18.0&#8243; _module_preset=&#8221;default&#8221; global_colors_info=&#8221;{}&#8221;][et_pb_text _builder_version=&#8221;4.18.0&#8243; _module_preset=&#8221;default&#8221; text_text_color=&#8221;#0a0a0a&#8221; text_font_size=&#8221;20px&#8221; custom_margin=&#8221;||3px|||&#8221; global_colors_info=&#8221;{}&#8221;]<\/p>\n<p style=\"text-align: center;\"><strong>Domingo 23 Octubre<\/strong><\/p>\n<p>[\/et_pb_text][et_pb_text _builder_version=&#8221;4.18.0&#8243; _module_preset=&#8221;default&#8221; text_font=&#8221;Flama Regular||||||||&#8221; custom_padding=&#8221;||43px|0px||&#8221; global_colors_info=&#8221;{}&#8221;]<\/p>\n<p><span style=\"font-weight: 400;\">10 am <\/span><b>Abrir Espacio sagrado y compartir<\/b><\/p>\n<p><span style=\"font-weight: 400;\">10:30 am <\/span><b>Rito 7, Guardi\u00e1n\/a de la Tierra<\/b><\/p>\n<p><span style=\"font-weight: 400;\">11:30 am <\/span><b>B\u00fasqueda de Fragmentos del Alma<\/b><\/p>\n<p><span style=\"font-weight: 400;\">12:15 pm <\/span><b>Pausa<\/b><\/p>\n<p><span style=\"font-weight: 400;\">12:30 pm <\/span><b>Rito 8, Guardi\u00e1n\/a de las Estrellas<\/b><\/p>\n<p><span style=\"font-weight: 400;\">1:15 pm <\/span><b>Rito 9, El Creador\/a<\/b><\/p>\n<p><span style=\"font-weight: 400;\">2 pm <\/span><b>Rito 10, Rito del \u00datero<\/b><\/p>\n<p><span style=\"font-weight: 400;\">3 pm <\/span><b>C\u00edrculo de clausura<\/b><\/p>\n<p class=\"p1\"><span style=\"font-weight: 400;\">3:30 pm <\/span><b>Final<\/b><\/p>\n<p>[\/et_pb_text][\/et_pb_column][\/et_pb_row][\/et_pb_section][et_pb_section fb_built=&#8221;1&#8243; _builder_version=&#8221;4.18.0&#8243; _module_preset=&#8221;default&#8221; custom_padding=&#8221;1px|||||&#8221; global_colors_info=&#8221;{}&#8221;][et_pb_row column_structure=&#8221;3_5,2_5&#8243; _builder_version=&#8221;4.18.0&#8243; _module_preset=&#8221;default&#8221; custom_padding=&#8221;||4px|||&#8221; global_colors_info=&#8221;{}&#8221;][et_pb_column type=&#8221;3_5&#8243; _builder_version=&#8221;4.18.0&#8243; _module_preset=&#8221;default&#8221; global_colors_info=&#8221;{}&#8221;][et_pb_image src=&#8221;https:\/\/mariamilagros.soy\/wp-content\/uploads\/2022\/09\/PHOTO-2021-10-03-20-55-19.jpg&#8221; title_text=&#8221;PHOTO-2021-10-03-20-55-19&#8243; _builder_version=&#8221;4.18.0&#8243; _module_preset=&#8221;default&#8221; global_colors_info=&#8221;{}&#8221;][\/et_pb_image][\/et_pb_column][et_pb_column type=&#8221;2_5&#8243; _builder_version=&#8221;4.18.0&#8243; _module_preset=&#8221;default&#8221; global_colors_info=&#8221;{}&#8221;][et_pb_image src=&#8221;https:\/\/mariamilagros.soy\/wp-content\/uploads\/2022\/09\/PHOTO-2021-10-03-21-36-23.jpg&#8221; title_text=&#8221;PHOTO-2021-10-03-21-36-23&#8243; _builder_version=&#8221;4.18.0&#8243; _module_preset=&#8221;default&#8221; global_colors_info=&#8221;{}&#8221;][\/et_pb_image][\/et_pb_column][\/et_pb_row][et_pb_row _builder_version=&#8221;4.18.0&#8243; _module_preset=&#8221;default&#8221; global_colors_info=&#8221;{}&#8221;][et_pb_column type=&#8221;4_4&#8243; _builder_version=&#8221;4.18.0&#8243; _module_preset=&#8221;default&#8221; global_colors_info=&#8221;{}&#8221;][et_pb_image src=&#8221;https:\/\/mariamilagros.soy\/wp-content\/uploads\/2022\/09\/PHOTO-2021-10-03-20-55-21.jpg&#8221; title_text=&#8221;PHOTO-2021-10-03-20-55-21&#8243; _builder_version=&#8221;4.18.0&#8243; _module_preset=&#8221;default&#8221; width=&#8221;45%&#8221; module_alignment=&#8221;center&#8221; global_colors_info=&#8221;{}&#8221;][\/et_pb_image][\/et_pb_column][\/et_pb_row][\/et_pb_section][et_pb_section fb_built=&#8221;1&#8243; disabled_on=&#8221;on|on|off&#8221; _builder_version=&#8221;4.18.0&#8243; _module_preset=&#8221;default&#8221; background_color=&#8221;#ff6300&#8243; global_colors_info=&#8221;{}&#8221;][et_pb_row _builder_version=&#8221;4.18.0&#8243; _module_preset=&#8221;default&#8221; global_colors_info=&#8221;{}&#8221;][et_pb_column type=&#8221;4_4&#8243; _builder_version=&#8221;4.18.0&#8243; _module_preset=&#8221;default&#8221; global_colors_info=&#8221;{}&#8221;][et_pb_text _builder_version=&#8221;4.18.0&#8243; _module_preset=&#8221;default&#8221; text_text_color=&#8221;#ffffff&#8221; text_font_size=&#8221;46px&#8221; text_letter_spacing=&#8221;18px&#8221; global_colors_info=&#8221;{}&#8221;]<\/p>\n<p style=\"text-align: center;\">INVERSI\u00d3N<\/p>\n<p>[\/et_pb_text][\/et_pb_column][\/et_pb_row][et_pb_row column_structure=&#8221;1_2,1_2&#8243; _builder_version=&#8221;4.18.0&#8243; _module_preset=&#8221;default&#8221; global_colors_info=&#8221;{}&#8221;][et_pb_column type=&#8221;1_2&#8243; _builder_version=&#8221;4.18.0&#8243; _module_preset=&#8221;default&#8221; global_colors_info=&#8221;{}&#8221;][et_pb_text _builder_version=&#8221;4.18.0&#8243; _module_preset=&#8221;default&#8221; text_text_color=&#8221;#ffffff&#8221; text_font_size=&#8221;21px&#8221; text_line_height=&#8221;1.8em&#8221; global_colors_info=&#8221;{}&#8221;]<\/p>\n<p class=\"p1\" style=\"text-align: right;\">Para m\u00e1s informaci\u00f3n pide tu cita <strong>hoy<\/strong><\/p>\n<div class=\"page\" title=\"Page 14\">\n<div class=\"section\">\n<div class=\"layoutArea\">\n<div class=\"column\">\n<p style=\"text-align: right;\">+1 (305) 746-9679<\/p>\n<\/div>\n<\/div>\n<\/div>\n<\/div>\n<p>[\/et_pb_text][\/et_pb_column][et_pb_column type=&#8221;1_2&#8243; _builder_version=&#8221;4.18.0&#8243; _module_preset=&#8221;default&#8221; global_colors_info=&#8221;{}&#8221;][\/et_pb_column][\/et_pb_row][et_pb_row column_structure=&#8221;1_3,1_3,1_3&#8243; _builder_version=&#8221;4.18.0&#8243; _module_preset=&#8221;default&#8221; global_colors_info=&#8221;{}&#8221;][et_pb_column type=&#8221;1_3&#8243; _builder_version=&#8221;4.18.0&#8243; _module_preset=&#8221;default&#8221; global_colors_info=&#8221;{}&#8221;][\/et_pb_column][et_pb_column type=&#8221;1_3&#8243; _builder_version=&#8221;4.18.0&#8243; _module_preset=&#8221;default&#8221; global_colors_info=&#8221;{}&#8221;][et_pb_text _builder_version=&#8221;4.18.0&#8243; _module_preset=&#8221;default&#8221; text_font=&#8221;Flama Regular||||||||&#8221; text_text_color=&#8221;#ff6300&#8243; text_font_size=&#8221;17px&#8221; text_line_height=&#8221;1.8em&#8221; background_color=&#8221;#f7f7f7&#8243; custom_margin=&#8221;|-79px||-73px||&#8221; custom_padding=&#8221;33px|0px|33px|0px|true|&#8221; global_colors_info=&#8221;{}&#8221;]<\/p>\n<p class=\"p1\" style=\"text-align: center;\"><span class=\"s1\">Para registrarte por favor haz tu pago v\u00eda Zelle a mariamkowalski@gmail.com <\/span><\/p>\n<p class=\"p1\" style=\"text-align: center;\"><span class=\"s1\">\u00f3 Venmo @Maria-Kowalski-1<\/span><\/p>\n<p class=\"p1\" style=\"text-align: center;\"><span class=\"s1\">Y env\u00eda foto de pantalla del pago a <\/span><\/p>\n<p class=\"p1\" style=\"text-align: center;\"><span class=\"s1\">info@lamusa.tv<\/span><\/p>\n<p>[\/et_pb_text][\/et_pb_column][et_pb_column type=&#8221;1_3&#8243; _builder_version=&#8221;4.18.0&#8243; _module_preset=&#8221;default&#8221; global_colors_info=&#8221;{}&#8221;][\/et_pb_column][\/et_pb_row][\/et_pb_section][et_pb_section fb_built=&#8221;1&#8243; disabled_on=&#8221;off|off|on&#8221; _builder_version=&#8221;4.18.0&#8243; _module_preset=&#8221;default&#8221; background_color=&#8221;#ff6300&#8243; custom_padding=&#8221;||0px|||&#8221; global_colors_info=&#8221;{}&#8221;][et_pb_row _builder_version=&#8221;4.18.0&#8243; _module_preset=&#8221;default&#8221; global_colors_info=&#8221;{}&#8221;][et_pb_column type=&#8221;4_4&#8243; _builder_version=&#8221;4.18.0&#8243; _module_preset=&#8221;default&#8221; global_colors_info=&#8221;{}&#8221;][et_pb_text disabled_on=&#8221;off|off|on&#8221; _builder_version=&#8221;4.18.0&#8243; _module_preset=&#8221;default&#8221; text_text_color=&#8221;#ffffff&#8221; text_font_size=&#8221;31px&#8221; text_letter_spacing=&#8221;9px&#8221; global_colors_info=&#8221;{}&#8221;]<\/p>\n<p style=\"text-align: center;\">INVERSI\u00d3N<\/p>\n<p>[\/et_pb_text][\/et_pb_column][\/et_pb_row][et_pb_row column_structure=&#8221;1_2,1_2&#8243; _builder_version=&#8221;4.18.0&#8243; _module_preset=&#8221;default&#8221; global_colors_info=&#8221;{}&#8221;][et_pb_column type=&#8221;1_2&#8243; _builder_version=&#8221;4.18.0&#8243; _module_preset=&#8221;default&#8221; global_colors_info=&#8221;{}&#8221;][et_pb_text _builder_version=&#8221;4.18.0&#8243; _module_preset=&#8221;default&#8221; text_text_color=&#8221;#ffffff&#8221; text_font_size=&#8221;21px&#8221; text_line_height=&#8221;1.8em&#8221; global_colors_info=&#8221;{}&#8221;]<\/p>\n<p class=\"p1\" style=\"text-align: center;\">Para m\u00e1s informaci\u00f3n pide tu cita <strong>hoy<\/strong><\/p>\n<div class=\"page\" title=\"Page 14\">\n<div class=\"section\">\n<div class=\"layoutArea\">\n<div class=\"column\">\n<p style=\"text-align: center;\">+1 (305) 746-9679<\/p>\n<\/div>\n<\/div>\n<\/div>\n<\/div>\n<p>[\/et_pb_text][\/et_pb_column][et_pb_column type=&#8221;1_2&#8243; _builder_version=&#8221;4.18.0&#8243; _module_preset=&#8221;default&#8221; global_colors_info=&#8221;{}&#8221;][et_pb_text _builder_version=&#8221;4.18.0&#8243; _module_preset=&#8221;default&#8221; header_2_font=&#8221;Nazeefa||||||||&#8221; header_2_text_color=&#8221;#ffffff&#8221; header_2_font_size=&#8221;40px&#8221; custom_padding=&#8221;69px|||||&#8221; global_colors_info=&#8221;{}&#8221;]<\/p>\n<h2 class=\"p1\">Incluye:<\/h2>\n<p>[\/et_pb_text][et_pb_text _builder_version=&#8221;4.18.0&#8243; _module_preset=&#8221;default&#8221; text_font=&#8221;Flama Regular||||||||&#8221; text_text_color=&#8221;#ffffff&#8221; text_font_size=&#8221;19px&#8221; global_colors_info=&#8221;{}&#8221;]<\/p>\n<p class=\"p1\"><span class=\"s1\">Todas las comidas<\/span><\/p>\n<p class=\"p1\"><span class=\"s1\">Las ense\u00f1anzas<\/span><\/p>\n<p class=\"p1\"><span class=\"s1\">Materiales que necesitar\u00e1s para las actividades<\/span><\/p>\n<p class=\"p1\"><span class=\"s1\">Necesitas conseguir transporte hasta la locaci\u00f3n<\/span><\/p>\n<p>[\/et_pb_text][\/et_pb_column][\/et_pb_row][et_pb_row column_structure=&#8221;1_3,1_3,1_3&#8243; _builder_version=&#8221;4.18.0&#8243; _module_preset=&#8221;default&#8221; custom_padding=&#8221;||0px|||&#8221; global_colors_info=&#8221;{}&#8221;][et_pb_column type=&#8221;1_3&#8243; _builder_version=&#8221;4.18.0&#8243; _module_preset=&#8221;default&#8221; global_colors_info=&#8221;{}&#8221;][\/et_pb_column][et_pb_column type=&#8221;1_3&#8243; _builder_version=&#8221;4.18.0&#8243; _module_preset=&#8221;default&#8221; global_colors_info=&#8221;{}&#8221;][et_pb_text _builder_version=&#8221;4.18.0&#8243; _module_preset=&#8221;default&#8221; text_font=&#8221;Flama Regular||||||||&#8221; text_text_color=&#8221;#ff6300&#8243; text_font_size=&#8221;17px&#8221; text_line_height=&#8221;1.8em&#8221; background_color=&#8221;#f7f7f7&#8243; custom_margin=&#8221;|-79px||-73px||&#8221; custom_padding=&#8221;33px|0px|33px|0px|true|&#8221; global_colors_info=&#8221;{}&#8221;]<\/p>\n<p class=\"p1\" style=\"text-align: center;\"><span class=\"s1\">Para registrarte por favor haz tu pago v\u00eda Zelle a mariamkowalski@gmail.com <\/span><\/p>\n<p class=\"p1\" style=\"text-align: center;\"><span class=\"s1\">\u00f3 Venmo @Maria-Kowalski-1<\/span><\/p>\n<p class=\"p1\" style=\"text-align: center;\"><span class=\"s1\">Y env\u00eda foto de pantalla del pago a <\/span><\/p>\n<p class=\"p1\" style=\"text-align: center;\"><span class=\"s1\">info@lamusa.tv<\/span><\/p>\n<p>[\/et_pb_text][\/et_pb_column][et_pb_column type=&#8221;1_3&#8243; _builder_version=&#8221;4.18.0&#8243; _module_preset=&#8221;default&#8221; global_colors_info=&#8221;{}&#8221;][\/et_pb_column][\/et_pb_row][\/et_pb_section]<\/p>\n","protected":false},"excerpt":{"rendered":"<p>October 2023ACTIVATION GUARDIANS OF EARTH 14 y 15Enero 2023ACTIVATION GUARDIANS OF EARTH THE ENERGY OF LOVE Un fin de semana en la naturaleza para recibir la iniciaci\u00f3n del Munay-Ki,\u00a0 10 semillas de luz de los guardianes del conocimiento ancestral de los Andes y del Amazonas del Per\u00fa. Los Munay-Ki son transmisiones energ\u00e9ticas que nos impulsan [&hellip;]<\/p>\n","protected":false},"author":5,"featured_media":0,"parent":0,"menu_order":0,"comment_status":"closed","ping_status":"closed","template":"","meta":{"_et_pb_use_builder":"on","_et_pb_old_content":"","_et_gb_content_width":"","footnotes":""},"class_list":["post-231848","page","type-page","status-publish","hentry"],"_links":{"self":[{"href":"https:\/\/mariamilagros.soy\/en\/wp-json\/wp\/v2\/pages\/231848","targetHints":{"allow":["GET"]}}],"collection":[{"href":"https:\/\/mariamilagros.soy\/en\/wp-json\/wp\/v2\/pages"}],"about":[{"href":"https:\/\/mariamilagros.soy\/en\/wp-json\/wp\/v2\/types\/page"}],"author":[{"embeddable":true,"href":"https:\/\/mariamilagros.soy\/en\/wp-json\/wp\/v2\/users\/5"}],"replies":[{"embeddable":true,"href":"https:\/\/mariamilagros.soy\/en\/wp-json\/wp\/v2\/comments?post=231848"}],"version-history":[{"count":13,"href":"https:\/\/mariamilagros.soy\/en\/wp-json\/wp\/v2\/pages\/231848\/revisions"}],"predecessor-version":[{"id":232006,"href":"https:\/\/mariamilagros.soy\/en\/wp-json\/wp\/v2\/pages\/231848\/revisions\/232006"}],"wp:attachment":[{"href":"https:\/\/mariamilagros.soy\/en\/wp-json\/wp\/v2\/media?parent=231848"}],"curies":[{"name":"wp","href":"https:\/\/api.w.org\/{rel}","templated":true}]}}